{"id":3856,"date":"2025-12-21T10:00:21","date_gmt":"2025-12-21T09:00:21","guid":{"rendered":"https:\/\/www.sensem.es\/?page_id=3856"},"modified":"2025-12-21T12:33:19","modified_gmt":"2025-12-21T11:33:19","slug":"proceso-de-fabricacion","status":"publish","type":"page","link":"https:\/\/www.sensem.es\/es\/proceso-de-fabricacion\/","title":{"rendered":"Proceso de fabricaci\u00f3n"},"content":{"rendered":"\t\t<div data-elementor-type=\"wp-page\" data-elementor-id=\"3856\" class=\"elementor elementor-3856\" data-elementor-post-type=\"page\">\n\t\t\t\t<div class=\"elementor-element elementor-element-522f25f e-flex e-con-boxed elementor-invisible e-con e-parent\" data-id=\"522f25f\" data-element_type=\"container\" data-e-type=\"container\" data-settings=\"{&quot;background_background&quot;:&quot;classic&quot;,&quot;animation&quot;:&quot;fadeIn&quot;}\">\n\t\t\t\t\t<div class=\"e-con-inner\">\n\t\t<div class=\"elementor-element elementor-element-849d4fb e-con-full e-flex e-con e-child\" data-id=\"849d4fb\" data-element_type=\"container\" data-e-type=\"container\">\n\t\t\t\t<div class=\"elementor-element elementor-element-9f3c329 elementor-widget__width-inherit elementor-widget elementor-widget-heading\" data-id=\"9f3c329\" data-element_type=\"widget\" data-e-type=\"widget\" data-widget_type=\"heading.default\">\n\t\t\t\t<div class=\"elementor-widget-container\">\n\t\t\t\t\t<h1 class=\"elementor-heading-title elementor-size-default\">Proceso de fabricaci\u00f3n<\/h1>\t\t\t\t<\/div>\n\t\t\t\t<\/div>\n\t\t\t\t<div class=\"elementor-element elementor-element-e26c2bf elementor-widget elementor-widget-text-editor\" data-id=\"e26c2bf\" data-element_type=\"widget\" data-e-type=\"widget\" data-widget_type=\"text-editor.default\">\n\t\t\t\t<div class=\"elementor-widget-container\">\n\t\t\t\t\t\t\t\t\t<p>Entendemos la fabricaci\u00f3n como una parte esencial del proyecto arquitect\u00f3nico. <strong>Las puertas se producen de forma espec\u00edfica para cada obra en concreto, adapt\u00e1ndose a sus medidas, condicionantes t\u00e9cnicos y al lenguaje del espacio<\/strong>.<\/p><p>El proceso <strong>combina fabricaci\u00f3n automatizada y trabajo manual<\/strong> especializado. La fase industrial, mediante <strong>sistemas automatizados ADIR-C CNR<\/strong>, garantiza precisi\u00f3n y regularidad, algo imprescindible en puertas sin marco y soluciones a techo.<\/p><p>A partir de ah\u00ed, el ensamblaje, el ajuste de herrajes y<strong> la integraci\u00f3n de los sistemas de apertura se realizan de forma manual<\/strong>, cuidando el detalle.<\/p><p>Durante todo el proceso existe una <strong>supervisi\u00f3n y control de calidad continuos<\/strong>. Las piezas se revisan de forma individual para asegurar un correcto funcionamiento, estabilidad y acabado final, manteniendo el nivel de exigencia que requieren este tipo de proyectos.<\/p><p>Este equilibrio entre tecnolog\u00eda y oficio permite fabricar <strong>puertas de gran calidad<\/strong>, que se integran con naturalidad en la arquitectura, ofreciendo continuidad visual, precisi\u00f3n t\u00e9cnica y fiabilidad en el uso.<\/p>\t\t\t\t\t\t\t\t<\/div>\n\t\t\t\t<\/div>\n\t\t\t\t<\/div>\n\t\t<div class=\"elementor-element elementor-element-85cb242 e-con-full e-flex e-con e-child\" data-id=\"85cb242\" data-element_type=\"container\" data-e-type=\"container\" data-settings=\"{&quot;background_background&quot;:&quot;classic&quot;}\">\n\t\t\t\t<div class=\"elementor-element elementor-element-16d969c elementor-widget elementor-widget-image\" data-id=\"16d969c\" data-element_type=\"widget\" data-e-type=\"widget\" data-widget_type=\"image.default\">\n\t\t\t\t<div class=\"elementor-widget-container\">\n\t\t\t\t\t\t\t\t\t\t\t\t\t\t\t<img decoding=\"async\" width=\"800\" height=\"800\" src=\"https:\/\/www.sensem.es\/wp-content\/uploads\/2025\/12\/proceso-fabricacion-sensem-img.jpg\" class=\"attachment-full size-full wp-image-3879\" alt=\"Proceso de fabricaci\u00f3n de puertas sin marco Sensem\" srcset=\"https:\/\/www.sensem.es\/wp-content\/uploads\/2025\/12\/proceso-fabricacion-sensem-img.jpg 800w, https:\/\/www.sensem.es\/wp-content\/uploads\/2025\/12\/proceso-fabricacion-sensem-img-300x300.jpg 300w, https:\/\/www.sensem.es\/wp-content\/uploads\/2025\/12\/proceso-fabricacion-sensem-img-150x150.jpg 150w, https:\/\/www.sensem.es\/wp-content\/uploads\/2025\/12\/proceso-fabricacion-sensem-img-768x768.jpg 768w\" sizes=\"(max-width: 800px) 100vw, 800px\" \/>\t\t\t\t\t\t\t\t\t\t\t\t\t\t\t<\/div>\n\t\t\t\t<\/div>\n\t\t\t\t<\/div>\n\t\t\t\t\t<\/div>\n\t\t\t\t<\/div>\n\t\t<div class=\"elementor-element elementor-element-a1a9815 e-flex e-con-boxed e-con e-parent\" data-id=\"a1a9815\" data-element_type=\"container\" data-e-type=\"container\" data-settings=\"{&quot;background_background&quot;:&quot;classic&quot;}\">\n\t\t\t\t\t<div class=\"e-con-inner\">\n\t\t\t\t<div class=\"elementor-element elementor-element-355c725 elementor-widget elementor-widget-heading\" data-id=\"355c725\" data-element_type=\"widget\" data-e-type=\"widget\" data-widget_type=\"heading.default\">\n\t\t\t\t<div class=\"elementor-widget-container\">\n\t\t\t\t\t<h2 class=\"elementor-heading-title elementor-size-default\"><span class=\"turquesa\">FABRICACI\u00d3N MARCOS<\/span> OCULTOS SISTEMA SENSEM<\/h2>\t\t\t\t<\/div>\n\t\t\t\t<\/div>\n\t\t\t\t\t<\/div>\n\t\t\t\t<\/div>\n\t\t<div class=\"elementor-element elementor-element-a480303 e-flex e-con-boxed e-con e-parent\" data-id=\"a480303\" data-element_type=\"container\" data-e-type=\"container\">\n\t\t\t\t\t<div class=\"e-con-inner\">\n\t\t<div class=\"elementor-element elementor-element-8ea0613 e-con-full e-flex e-con e-child\" data-id=\"8ea0613\" data-element_type=\"container\" data-e-type=\"container\">\n\t\t\t\t<div class=\"elementor-element elementor-element-229d5d3 elementor-widget elementor-widget-text-editor\" data-id=\"229d5d3\" data-element_type=\"widget\" data-e-type=\"widget\" data-widget_type=\"text-editor.default\">\n\t\t\t\t<div class=\"elementor-widget-container\">\n\t\t\t\t\t\t\t\t\t<p>Los <strong>marcos met\u00e1licos ocultos<\/strong> son uno de los elementos clave del sistema SENSEM y <strong>se fabrican \u00edntegramente en nuestras instalaciones<\/strong>. Su funci\u00f3n es estructural y <strong>determinante para lograr la correcta integraci\u00f3n de la puerta en el muro<\/strong>, tanto a nivel t\u00e9cnico como visual.<\/p><p>Los perfiles de aluminio se conforman y cortan con precisi\u00f3n, se ensamblan para formar el armaz\u00f3n y se incorporan los elementos necesarios para su correcta integraci\u00f3n en obra, como la malla de anclaje que facilita el agarre con el sistema constructivo de la pared.<\/p><p>Una vez fabricado, el marco se somete a controles internos que verifican alineaciones, estabilidad y tolerancias. Adem\u00e1s, <a title=\"Ensayo durabilidad\" href=\"https:\/\/www.sensem.es\/es\/durabilidad-puertas-sin-marcos\/\">el sistema ha sido sometido a ensayos de durabilidad<\/a> en Tecnalia, el mayor centro de investigaci\u00f3n aplicada y desarrollo tecnol\u00f3gico de Espa\u00f1a y un referente a nivel europeo en innovaci\u00f3n industrial.<\/p><p>Tras superar un ensayo prolongado de <strong>200.000 ciclos de apertura y cierre<\/strong>, el sistema de marco de SENSEM demostr\u00f3 un comportamiento fiable y estable, sin aparici\u00f3n de defectos ni p\u00e9rdida de integridad estructural, tanto en el marco como en la puerta. Este resultado avala la robustez del sistema y su idoneidad para un uso exigente y continuado en proyectos arquitect\u00f3nicos de alto nivel.<\/p>\t\t\t\t\t\t\t\t<\/div>\n\t\t\t\t<\/div>\n\t\t\t\t<\/div>\n\t\t<div class=\"elementor-element elementor-element-a8d74f0 e-con-full e-flex e-con e-child\" data-id=\"a8d74f0\" data-element_type=\"container\" data-e-type=\"container\">\n\t\t\t\t<div class=\"elementor-element elementor-element-7bcba96 elementor-widget elementor-widget-heading\" data-id=\"7bcba96\" data-element_type=\"widget\" data-e-type=\"widget\" data-widget_type=\"heading.default\">\n\t\t\t\t<div class=\"elementor-widget-container\">\n\t\t\t\t\t<h3 class=\"elementor-heading-title elementor-size-default\">Proceso fabricaci\u00f3n marcos invisibles Sensem<\/h3>\t\t\t\t<\/div>\n\t\t\t\t<\/div>\n\t\t\t\t<div class=\"elementor-element elementor-element-d17a60e elementor-widget elementor-widget-gallery\" data-id=\"d17a60e\" data-element_type=\"widget\" data-e-type=\"widget\" data-settings=\"{&quot;columns&quot;:3,&quot;columns_tablet&quot;:3,&quot;columns_mobile&quot;:2,&quot;gap&quot;:{&quot;unit&quot;:&quot;px&quot;,&quot;size&quot;:20,&quot;sizes&quot;:[]},&quot;aspect_ratio&quot;:&quot;1:1&quot;,&quot;lazyload&quot;:&quot;yes&quot;,&quot;gallery_layout&quot;:&quot;grid&quot;,&quot;gap_tablet&quot;:{&quot;unit&quot;:&quot;px&quot;,&quot;size&quot;:10,&quot;sizes&quot;:[]},&quot;gap_mobile&quot;:{&quot;unit&quot;:&quot;px&quot;,&quot;size&quot;:10,&quot;sizes&quot;:[]},&quot;link_to&quot;:&quot;file&quot;,&quot;overlay_background&quot;:&quot;yes&quot;,&quot;content_hover_animation&quot;:&quot;fade-in&quot;}\" data-widget_type=\"gallery.default\">\n\t\t\t\t<div class=\"elementor-widget-container\">\n\t\t\t\t\t\t\t<div class=\"elementor-gallery__container\">\n\t\t\t\t\t\t\t<a class=\"e-gallery-item elementor-gallery-item elementor-animated-content\" href=\"https:\/\/www.sensem.es\/wp-content\/uploads\/2025\/12\/fabricacion-perfiles-sensem.jpg\" data-elementor-open-lightbox=\"yes\" data-elementor-lightbox-slideshow=\"d17a60e\" data-elementor-lightbox-title=\"Fabricaci\u00f3n de perfiles - Foto Mar\u00eda Mira\" data-e-action-hash=\"#elementor-action%3Aaction%3Dlightbox%26settings%3DeyJpZCI6Mzg5OSwidXJsIjoiaHR0cHM6XC9cL3d3dy5zZW5zZW0uZXNcL3dwLWNvbnRlbnRcL3VwbG9hZHNcLzIwMjVcLzEyXC9mYWJyaWNhY2lvbi1wZXJmaWxlcy1zZW5zZW0uanBnIiwic2xpZGVzaG93IjoiZDE3YTYwZSJ9\">\n\t\t\t\t\t<div class=\"e-gallery-image elementor-gallery-item__image\" data-thumbnail=\"https:\/\/www.sensem.es\/wp-content\/uploads\/2025\/12\/fabricacion-perfiles-sensem-768x514.jpg\" data-width=\"768\" data-height=\"514\" aria-label=\"Fabricaci\u00f3n de perfiles a medida para el sistema Sensem\" role=\"img\" ><\/div>\n\t\t\t\t\t\t\t\t\t\t\t<div class=\"elementor-gallery-item__overlay\"><\/div>\n\t\t\t\t\t\t\t\t\t\t\t\t\t\t<\/a>\n\t\t\t\t\t\t\t<a class=\"e-gallery-item elementor-gallery-item elementor-animated-content\" href=\"https:\/\/www.sensem.es\/wp-content\/uploads\/2025\/12\/mecanizando-perfiles-sensem.jpg\" data-elementor-open-lightbox=\"yes\" data-elementor-lightbox-slideshow=\"d17a60e\" data-elementor-lightbox-title=\"Mecanizando perfiles\" data-e-action-hash=\"#elementor-action%3Aaction%3Dlightbox%26settings%3DeyJpZCI6MzkwMywidXJsIjoiaHR0cHM6XC9cL3d3dy5zZW5zZW0uZXNcL3dwLWNvbnRlbnRcL3VwbG9hZHNcLzIwMjVcLzEyXC9tZWNhbml6YW5kby1wZXJmaWxlcy1zZW5zZW0uanBnIiwic2xpZGVzaG93IjoiZDE3YTYwZSJ9\">\n\t\t\t\t\t<div class=\"e-gallery-image elementor-gallery-item__image\" data-thumbnail=\"https:\/\/www.sensem.es\/wp-content\/uploads\/2025\/12\/mecanizando-perfiles-sensem-768x514.jpg\" data-width=\"768\" data-height=\"514\" aria-label=\"Operario mecanizando los perfiles de ilumino que forman el marco invisible de las puertas Sensem\" role=\"img\" ><\/div>\n\t\t\t\t\t\t\t\t\t\t\t<div class=\"elementor-gallery-item__overlay\"><\/div>\n\t\t\t\t\t\t\t\t\t\t\t\t\t\t<\/a>\n\t\t\t\t\t\t\t<a class=\"e-gallery-item elementor-gallery-item elementor-animated-content\" href=\"https:\/\/www.sensem.es\/wp-content\/uploads\/2025\/12\/construccion-marco-invisible-sensem.jpg\" data-elementor-open-lightbox=\"yes\" data-elementor-lightbox-slideshow=\"d17a60e\" data-elementor-lightbox-title=\"Ensamblando perfiles\" data-e-action-hash=\"#elementor-action%3Aaction%3Dlightbox%26settings%3DeyJpZCI6Mzg5NSwidXJsIjoiaHR0cHM6XC9cL3d3dy5zZW5zZW0uZXNcL3dwLWNvbnRlbnRcL3VwbG9hZHNcLzIwMjVcLzEyXC9jb25zdHJ1Y2Npb24tbWFyY28taW52aXNpYmxlLXNlbnNlbS5qcGciLCJzbGlkZXNob3ciOiJkMTdhNjBlIn0%3D\">\n\t\t\t\t\t<div class=\"e-gallery-image elementor-gallery-item__image\" data-thumbnail=\"https:\/\/www.sensem.es\/wp-content\/uploads\/2025\/12\/construccion-marco-invisible-sensem-768x514.jpg\" data-width=\"768\" data-height=\"514\" aria-label=\"Operario ensamblando los perfiles para formar al marco invisible del sistema Sensem\" role=\"img\" ><\/div>\n\t\t\t\t\t\t\t\t\t\t\t<div class=\"elementor-gallery-item__overlay\"><\/div>\n\t\t\t\t\t\t\t\t\t\t\t\t\t\t<\/a>\n\t\t\t\t\t\t\t<a class=\"e-gallery-item elementor-gallery-item elementor-animated-content\" href=\"https:\/\/www.sensem.es\/wp-content\/uploads\/2025\/12\/malla-anclaje-sensem.jpg\" data-elementor-open-lightbox=\"yes\" data-elementor-lightbox-slideshow=\"d17a60e\" data-elementor-lightbox-title=\"Rejilla sistema Sensem\" data-e-action-hash=\"#elementor-action%3Aaction%3Dlightbox%26settings%3DeyJpZCI6MzkwMSwidXJsIjoiaHR0cHM6XC9cL3d3dy5zZW5zZW0uZXNcL3dwLWNvbnRlbnRcL3VwbG9hZHNcLzIwMjVcLzEyXC9tYWxsYS1hbmNsYWplLXNlbnNlbS5qcGciLCJzbGlkZXNob3ciOiJkMTdhNjBlIn0%3D\">\n\t\t\t\t\t<div class=\"e-gallery-image elementor-gallery-item__image\" data-thumbnail=\"https:\/\/www.sensem.es\/wp-content\/uploads\/2025\/12\/malla-anclaje-sensem.jpg\" data-width=\"501\" data-height=\"750\" aria-label=\"Rejilla que sirve de garra y soporte para lis marcos invisibles y las paredes donde se instalan\" role=\"img\" ><\/div>\n\t\t\t\t\t\t\t\t\t\t\t<div class=\"elementor-gallery-item__overlay\"><\/div>\n\t\t\t\t\t\t\t\t\t\t\t\t\t\t<\/a>\n\t\t\t\t\t\t\t<a class=\"e-gallery-item elementor-gallery-item elementor-animated-content\" href=\"https:\/\/www.sensem.es\/wp-content\/uploads\/2025\/12\/uniendo-perfiles-sensem.jpg\" data-elementor-open-lightbox=\"yes\" data-elementor-lightbox-slideshow=\"d17a60e\" data-elementor-lightbox-title=\"Detalle ensamblado perfiles\" data-e-action-hash=\"#elementor-action%3Aaction%3Dlightbox%26settings%3DeyJpZCI6Mzg5MywidXJsIjoiaHR0cHM6XC9cL3d3dy5zZW5zZW0uZXNcL3dwLWNvbnRlbnRcL3VwbG9hZHNcLzIwMjVcLzEyXC91bmllbmRvLXBlcmZpbGVzLXNlbnNlbS5qcGciLCJzbGlkZXNob3ciOiJkMTdhNjBlIn0%3D\">\n\t\t\t\t\t<div class=\"e-gallery-image elementor-gallery-item__image\" data-thumbnail=\"https:\/\/www.sensem.es\/wp-content\/uploads\/2025\/12\/uniendo-perfiles-sensem.jpg\" data-width=\"501\" data-height=\"750\" aria-label=\"Detalle ensamblando perfiles que forman el marco invisible del sistema Sensem\" role=\"img\" ><\/div>\n\t\t\t\t\t\t\t\t\t\t\t<div class=\"elementor-gallery-item__overlay\"><\/div>\n\t\t\t\t\t\t\t\t\t\t\t\t\t\t<\/a>\n\t\t\t\t\t\t\t<a class=\"e-gallery-item elementor-gallery-item elementor-animated-content\" href=\"https:\/\/www.sensem.es\/wp-content\/uploads\/2025\/12\/estructuras-marcos-invisibles-sensem.jpg\" data-elementor-open-lightbox=\"yes\" data-elementor-lightbox-slideshow=\"d17a60e\" data-elementor-lightbox-title=\"Marcos invisibles\" data-e-action-hash=\"#elementor-action%3Aaction%3Dlightbox%26settings%3DeyJpZCI6Mzg5NywidXJsIjoiaHR0cHM6XC9cL3d3dy5zZW5zZW0uZXNcL3dwLWNvbnRlbnRcL3VwbG9hZHNcLzIwMjVcLzEyXC9lc3RydWN0dXJhcy1tYXJjb3MtaW52aXNpYmxlcy1zZW5zZW0uanBnIiwic2xpZGVzaG93IjoiZDE3YTYwZSJ9\">\n\t\t\t\t\t<div class=\"e-gallery-image elementor-gallery-item__image\" data-thumbnail=\"https:\/\/www.sensem.es\/wp-content\/uploads\/2025\/12\/estructuras-marcos-invisibles-sensem.jpg\" data-width=\"501\" data-height=\"750\" aria-label=\"Varios marcos invisibles terminados\" role=\"img\" ><\/div>\n\t\t\t\t\t\t\t\t\t\t\t<div class=\"elementor-gallery-item__overlay\"><\/div>\n\t\t\t\t\t\t\t\t\t\t\t\t\t\t<\/a>\n\t\t\t\t\t<\/div>\n\t\t\t\t\t<\/div>\n\t\t\t\t<\/div>\n\t\t\t\t<div class=\"elementor-element elementor-element-7184f12 elementor-widget elementor-widget-heading\" data-id=\"7184f12\" data-element_type=\"widget\" data-e-type=\"widget\" data-widget_type=\"heading.default\">\n\t\t\t\t<div class=\"elementor-widget-container\">\n\t\t\t\t\t<p class=\"elementor-heading-title elementor-size-default\">* Marco producido para las <a href=\"\">puertas batientes de marco oculto<\/a>.<\/p>\t\t\t\t<\/div>\n\t\t\t\t<\/div>\n\t\t\t\t<\/div>\n\t\t\t\t\t<\/div>\n\t\t\t\t<\/div>\n\t\t<div class=\"elementor-element elementor-element-891fbe6 e-flex e-con-boxed e-con e-parent\" data-id=\"891fbe6\" data-element_type=\"container\" data-e-type=\"container\" data-settings=\"{&quot;background_background&quot;:&quot;classic&quot;}\">\n\t\t\t\t\t<div class=\"e-con-inner\">\n\t\t\t\t<div class=\"elementor-element elementor-element-e8d0619 elementor-widget elementor-widget-heading\" data-id=\"e8d0619\" data-element_type=\"widget\" data-e-type=\"widget\" data-widget_type=\"heading.default\">\n\t\t\t\t<div class=\"elementor-widget-container\">\n\t\t\t\t\t<h2 class=\"elementor-heading-title elementor-size-default\"><span class=\"turquesa\">FABRICACI\u00d3N PUERTAS<\/span> OCULTAS A MEDIDA<\/h2>\t\t\t\t<\/div>\n\t\t\t\t<\/div>\n\t\t\t\t\t<\/div>\n\t\t\t\t<\/div>\n\t\t<div class=\"elementor-element elementor-element-951ae77 e-flex e-con-boxed e-con e-parent\" data-id=\"951ae77\" data-element_type=\"container\" data-e-type=\"container\">\n\t\t\t\t\t<div class=\"e-con-inner\">\n\t\t<div class=\"elementor-element elementor-element-940f645 e-con-full e-flex e-con e-child\" data-id=\"940f645\" data-element_type=\"container\" data-e-type=\"container\">\n\t\t\t\t<div class=\"elementor-element elementor-element-389f107 elementor-widget elementor-widget-text-editor\" data-id=\"389f107\" data-element_type=\"widget\" data-e-type=\"widget\" data-widget_type=\"text-editor.default\">\n\t\t\t\t<div class=\"elementor-widget-container\">\n\t\t\t\t\t\t\t\t\t<p>La fabricaci\u00f3n de las puertas SENSEM parte del bastidor, realizado en <a title=\"Qu\u00e9 es pino radiata\" href=\"https:\/\/www.sensem.es\/es\/pino-insigne-pino-radiata-caracteristicas-y-usos\/\">madera de pino radiata<\/a>, seleccionada por su estabilidad y su buen comportamiento estructural. A partir de estos listones se conforma la estructura interna que da rigidez a la hoja y sirve de base para el resto de componentes.<\/p><p>Una vez montado el bastidor, se mecanizan los huecos necesarios para la integraci\u00f3n de herrajes ocultos, como bisagras y sistemas de cierre. Este trabajo se realiza mediante<strong> procesos de fresado de alta precisi\u00f3n<\/strong>, que permiten un ajuste exacto y garantizan un funcionamiento fluido y silencioso una vez instalada la puerta.<\/p><p>Antes de salir a obra, las puertas se preensamblan y ajustan en taller. <strong>La preinstalaci\u00f3n de bisagras y otros elementos reduce tiempos de montaje y minimiza posibles desviaciones durante la instalaci\u00f3n final<\/strong>. En esta fase tambi\u00e9n se comprueba el correcto alineado de la hoja y su comportamiento en apertura y cierre.<\/p><p>El proceso contin\u00faa con la aplicaci\u00f3n de aparejo, lacados o acabados especiales, en funci\u00f3n de las necesidades del proyecto. Las puertas pueden integrarse con distintos materiales y tratamientos superficiales, desde lacados lisos hasta acabados t\u00e9cnicos o panelados especiales, manteniendo siempre la continuidad visual con el espacio.<\/p><p>El resultado es una puerta fabricada a medida, ajustada, probada y lista para integrarse en el sistema SENSEM, combinando precisi\u00f3n t\u00e9cnica, calidad de acabado y fiabilidad en el uso.<\/p>\t\t\t\t\t\t\t\t<\/div>\n\t\t\t\t<\/div>\n\t\t\t\t<\/div>\n\t\t<div class=\"elementor-element elementor-element-d74e5ef e-con-full e-flex e-con e-child\" data-id=\"d74e5ef\" data-element_type=\"container\" data-e-type=\"container\">\n\t\t\t\t<div class=\"elementor-element elementor-element-250b8b9 elementor-widget elementor-widget-heading\" data-id=\"250b8b9\" data-element_type=\"widget\" data-e-type=\"widget\" data-widget_type=\"heading.default\">\n\t\t\t\t<div class=\"elementor-widget-container\">\n\t\t\t\t\t<h3 class=\"elementor-heading-title elementor-size-default\">Proceso fabricaci\u00f3n puertas invisibles Sensem<\/h3>\t\t\t\t<\/div>\n\t\t\t\t<\/div>\n\t\t\t\t<div class=\"elementor-element elementor-element-7706810 elementor-widget elementor-widget-gallery\" data-id=\"7706810\" data-element_type=\"widget\" data-e-type=\"widget\" data-settings=\"{&quot;columns&quot;:3,&quot;columns_tablet&quot;:3,&quot;columns_mobile&quot;:2,&quot;gap&quot;:{&quot;unit&quot;:&quot;px&quot;,&quot;size&quot;:20,&quot;sizes&quot;:[]},&quot;aspect_ratio&quot;:&quot;1:1&quot;,&quot;lazyload&quot;:&quot;yes&quot;,&quot;gallery_layout&quot;:&quot;grid&quot;,&quot;gap_tablet&quot;:{&quot;unit&quot;:&quot;px&quot;,&quot;size&quot;:10,&quot;sizes&quot;:[]},&quot;gap_mobile&quot;:{&quot;unit&quot;:&quot;px&quot;,&quot;size&quot;:10,&quot;sizes&quot;:[]},&quot;link_to&quot;:&quot;file&quot;,&quot;overlay_background&quot;:&quot;yes&quot;,&quot;content_hover_animation&quot;:&quot;fade-in&quot;}\" data-widget_type=\"gallery.default\">\n\t\t\t\t<div class=\"elementor-widget-container\">\n\t\t\t\t\t\t\t<div class=\"elementor-gallery__container\">\n\t\t\t\t\t\t\t<a class=\"e-gallery-item elementor-gallery-item elementor-animated-content\" href=\"https:\/\/www.sensem.es\/wp-content\/uploads\/2025\/12\/bastidor-madera-radiata-sensem.jpg\" data-elementor-open-lightbox=\"yes\" data-elementor-lightbox-slideshow=\"7706810\" data-elementor-lightbox-title=\"Listones machihembrados\" data-e-action-hash=\"#elementor-action%3Aaction%3Dlightbox%26settings%3DeyJpZCI6MzkyNiwidXJsIjoiaHR0cHM6XC9cL3d3dy5zZW5zZW0uZXNcL3dwLWNvbnRlbnRcL3VwbG9hZHNcLzIwMjVcLzEyXC9iYXN0aWRvci1tYWRlcmEtcmFkaWF0YS1zZW5zZW0uanBnIiwic2xpZGVzaG93IjoiNzcwNjgxMCJ9\">\n\t\t\t\t\t<div class=\"e-gallery-image elementor-gallery-item__image\" data-thumbnail=\"https:\/\/www.sensem.es\/wp-content\/uploads\/2025\/12\/bastidor-madera-radiata-sensem-768x514.jpg\" data-width=\"768\" data-height=\"514\" aria-label=\"Listones machihembrados con sistema de uni\u00f3n dentada que forman el marco de las hojas de las puertas\" role=\"img\" ><\/div>\n\t\t\t\t\t\t\t\t\t\t\t<div class=\"elementor-gallery-item__overlay\"><\/div>\n\t\t\t\t\t\t\t\t\t\t\t\t\t\t<\/a>\n\t\t\t\t\t\t\t<a class=\"e-gallery-item elementor-gallery-item elementor-animated-content\" href=\"https:\/\/www.sensem.es\/wp-content\/uploads\/2025\/12\/puerta-bruto-sensem.jpg\" data-elementor-open-lightbox=\"yes\" data-elementor-lightbox-slideshow=\"7706810\" data-elementor-lightbox-title=\"Bastidor puerta\" data-e-action-hash=\"#elementor-action%3Aaction%3Dlightbox%26settings%3DeyJpZCI6MzkzNCwidXJsIjoiaHR0cHM6XC9cL3d3dy5zZW5zZW0uZXNcL3dwLWNvbnRlbnRcL3VwbG9hZHNcLzIwMjVcLzEyXC9wdWVydGEtYnJ1dG8tc2Vuc2VtLmpwZyIsInNsaWRlc2hvdyI6Ijc3MDY4MTAifQ%3D%3D\">\n\t\t\t\t\t<div class=\"e-gallery-image elementor-gallery-item__image\" data-thumbnail=\"https:\/\/www.sensem.es\/wp-content\/uploads\/2025\/12\/puerta-bruto-sensem-768x514.jpg\" data-width=\"768\" data-height=\"514\" aria-label=\"Bastidor puerta en bruto listo para refinar\" role=\"img\" ><\/div>\n\t\t\t\t\t\t\t\t\t\t\t<div class=\"elementor-gallery-item__overlay\"><\/div>\n\t\t\t\t\t\t\t\t\t\t\t\t\t\t<\/a>\n\t\t\t\t\t\t\t<a class=\"e-gallery-item elementor-gallery-item elementor-animated-content\" href=\"https:\/\/www.sensem.es\/wp-content\/uploads\/2025\/12\/fresado-hueco-bisagras-sensem.jpg\" data-elementor-open-lightbox=\"yes\" data-elementor-lightbox-slideshow=\"7706810\" data-elementor-lightbox-title=\"Fresado automatizado\" data-e-action-hash=\"#elementor-action%3Aaction%3Dlightbox%26settings%3DeyJpZCI6MzkzOCwidXJsIjoiaHR0cHM6XC9cL3d3dy5zZW5zZW0uZXNcL3dwLWNvbnRlbnRcL3VwbG9hZHNcLzIwMjVcLzEyXC9mcmVzYWRvLWh1ZWNvLWJpc2FncmFzLXNlbnNlbS5qcGciLCJzbGlkZXNob3ciOiI3NzA2ODEwIn0%3D\">\n\t\t\t\t\t<div class=\"e-gallery-image elementor-gallery-item__image\" data-thumbnail=\"https:\/\/www.sensem.es\/wp-content\/uploads\/2025\/12\/fresado-hueco-bisagras-sensem-768x514.jpg\" data-width=\"768\" data-height=\"514\" aria-label=\"Fresado automatizado para bisagras invisibles\" role=\"img\" ><\/div>\n\t\t\t\t\t\t\t\t\t\t\t<div class=\"elementor-gallery-item__overlay\"><\/div>\n\t\t\t\t\t\t\t\t\t\t\t\t\t\t<\/a>\n\t\t\t\t\t\t\t<a class=\"e-gallery-item elementor-gallery-item elementor-animated-content\" href=\"https:\/\/www.sensem.es\/wp-content\/uploads\/2025\/12\/hueco-bisagras-ocultas-sensem.jpg\" data-elementor-open-lightbox=\"yes\" data-elementor-lightbox-slideshow=\"7706810\" data-elementor-lightbox-title=\"Detalle del hueco bisagras\" data-e-action-hash=\"#elementor-action%3Aaction%3Dlightbox%26settings%3DeyJpZCI6MzkzNiwidXJsIjoiaHR0cHM6XC9cL3d3dy5zZW5zZW0uZXNcL3dwLWNvbnRlbnRcL3VwbG9hZHNcLzIwMjVcLzEyXC9odWVjby1iaXNhZ3Jhcy1vY3VsdGFzLXNlbnNlbS5qcGciLCJzbGlkZXNob3ciOiI3NzA2ODEwIn0%3D\">\n\t\t\t\t\t<div class=\"e-gallery-image elementor-gallery-item__image\" data-thumbnail=\"https:\/\/www.sensem.es\/wp-content\/uploads\/2025\/12\/hueco-bisagras-ocultas-sensem.jpg\" data-width=\"501\" data-height=\"750\" aria-label=\"Detalle del hueco fresado para las bisagras ocultas de las puertas de marco oculto\" role=\"img\" ><\/div>\n\t\t\t\t\t\t\t\t\t\t\t<div class=\"elementor-gallery-item__overlay\"><\/div>\n\t\t\t\t\t\t\t\t\t\t\t\t\t\t<\/a>\n\t\t\t\t\t\t\t<a class=\"e-gallery-item elementor-gallery-item elementor-animated-content\" href=\"https:\/\/www.sensem.es\/wp-content\/uploads\/2025\/12\/pintura-puerta-sensem.jpg\" data-elementor-open-lightbox=\"yes\" data-elementor-lightbox-slideshow=\"7706810\" data-elementor-lightbox-title=\"Imprimaci\u00f3n y lacado\" data-e-action-hash=\"#elementor-action%3Aaction%3Dlightbox%26settings%3DeyJpZCI6MzkzMCwidXJsIjoiaHR0cHM6XC9cL3d3dy5zZW5zZW0uZXNcL3dwLWNvbnRlbnRcL3VwbG9hZHNcLzIwMjVcLzEyXC9waW50dXJhLXB1ZXJ0YS1zZW5zZW0uanBnIiwic2xpZGVzaG93IjoiNzcwNjgxMCJ9\">\n\t\t\t\t\t<div class=\"e-gallery-image elementor-gallery-item__image\" data-thumbnail=\"https:\/\/www.sensem.es\/wp-content\/uploads\/2025\/12\/pintura-puerta-sensem-768x514.jpg\" data-width=\"768\" data-height=\"514\" aria-label=\"Imprimaci\u00f3n y lacado de puertas invisibles en colores de las carta RAL\" role=\"img\" ><\/div>\n\t\t\t\t\t\t\t\t\t\t\t<div class=\"elementor-gallery-item__overlay\"><\/div>\n\t\t\t\t\t\t\t\t\t\t\t\t\t\t<\/a>\n\t\t\t\t\t\t\t<a class=\"e-gallery-item elementor-gallery-item elementor-animated-content\" href=\"https:\/\/www.sensem.es\/wp-content\/uploads\/2025\/12\/premontado-puerta-sensem.jpg\" data-elementor-open-lightbox=\"yes\" data-elementor-lightbox-slideshow=\"7706810\" data-elementor-lightbox-title=\"Premontaje de bisagras - Foto Mar\u00eda Mira\" data-e-action-hash=\"#elementor-action%3Aaction%3Dlightbox%26settings%3DeyJpZCI6MzkzMiwidXJsIjoiaHR0cHM6XC9cL3d3dy5zZW5zZW0uZXNcL3dwLWNvbnRlbnRcL3VwbG9hZHNcLzIwMjVcLzEyXC9wcmVtb250YWRvLXB1ZXJ0YS1zZW5zZW0uanBnIiwic2xpZGVzaG93IjoiNzcwNjgxMCJ9\">\n\t\t\t\t\t<div class=\"e-gallery-image elementor-gallery-item__image\" data-thumbnail=\"https:\/\/www.sensem.es\/wp-content\/uploads\/2025\/12\/premontado-puerta-sensem-768x514.jpg\" data-width=\"768\" data-height=\"514\" aria-label=\"Premontaje de bisagras y otros mecanismos puertas ocultas\" role=\"img\" ><\/div>\n\t\t\t\t\t\t\t\t\t\t\t<div class=\"elementor-gallery-item__overlay\"><\/div>\n\t\t\t\t\t\t\t\t\t\t\t\t\t\t<\/a>\n\t\t\t\t\t\t\t<a class=\"e-gallery-item elementor-gallery-item elementor-animated-content\" href=\"https:\/\/www.sensem.es\/wp-content\/uploads\/2025\/12\/puerta-acabado-lacada-blanca.jpg\" data-elementor-open-lightbox=\"yes\" data-elementor-lightbox-slideshow=\"7706810\" data-elementor-lightbox-title=\"Puerta acabado laca blanca - Foto Mar\u00eda Mira\" data-e-action-hash=\"#elementor-action%3Aaction%3Dlightbox%26settings%3DeyJpZCI6Mzk0MCwidXJsIjoiaHR0cHM6XC9cL3d3dy5zZW5zZW0uZXNcL3dwLWNvbnRlbnRcL3VwbG9hZHNcLzIwMjVcLzEyXC9wdWVydGEtYWNhYmFkby1sYWNhZGEtYmxhbmNhLmpwZyIsInNsaWRlc2hvdyI6Ijc3MDY4MTAifQ%3D%3D\">\n\t\t\t\t\t<div class=\"e-gallery-image elementor-gallery-item__image\" data-thumbnail=\"https:\/\/www.sensem.es\/wp-content\/uploads\/2025\/12\/puerta-acabado-lacada-blanca.jpg\" data-width=\"501\" data-height=\"750\" aria-label=\"Puerta de interior fabricada con acabado lacado blanco y sistema de apertura magn\u00e9tico\" role=\"img\" ><\/div>\n\t\t\t\t\t\t\t\t\t\t\t<div class=\"elementor-gallery-item__overlay\"><\/div>\n\t\t\t\t\t\t\t\t\t\t\t\t\t\t<\/a>\n\t\t\t\t\t\t\t<a class=\"e-gallery-item elementor-gallery-item elementor-animated-content\" href=\"https:\/\/www.sensem.es\/wp-content\/uploads\/2025\/12\/puerta-acabado-seguridad-madera.jpg\" data-elementor-open-lightbox=\"yes\" data-elementor-lightbox-slideshow=\"7706810\" data-elementor-lightbox-title=\"Puerta acabado color madera - Foto Mar\u00eda Mira\" data-e-action-hash=\"#elementor-action%3Aaction%3Dlightbox%26settings%3DeyJpZCI6Mzk0MiwidXJsIjoiaHR0cHM6XC9cL3d3dy5zZW5zZW0uZXNcL3dwLWNvbnRlbnRcL3VwbG9hZHNcLzIwMjVcLzEyXC9wdWVydGEtYWNhYmFkby1zZWd1cmlkYWQtbWFkZXJhLmpwZyIsInNsaWRlc2hvdyI6Ijc3MDY4MTAifQ%3D%3D\">\n\t\t\t\t\t<div class=\"e-gallery-image elementor-gallery-item__image\" data-thumbnail=\"https:\/\/www.sensem.es\/wp-content\/uploads\/2025\/12\/puerta-acabado-seguridad-madera.jpg\" data-width=\"501\" data-height=\"750\" aria-label=\"Puerta de exterior fabricada con acabado para exterior, en color madera y sistema de cierre de seguridad\" role=\"img\" ><\/div>\n\t\t\t\t\t\t\t\t\t\t\t<div class=\"elementor-gallery-item__overlay\"><\/div>\n\t\t\t\t\t\t\t\t\t\t\t\t\t\t<\/a>\n\t\t\t\t\t\t\t<a class=\"e-gallery-item elementor-gallery-item elementor-animated-content\" href=\"https:\/\/www.sensem.es\/wp-content\/uploads\/2025\/12\/acabado-especial-puerta-sensem.jpg\" data-elementor-open-lightbox=\"yes\" data-elementor-lightbox-slideshow=\"7706810\" data-elementor-lightbox-title=\"Puerta con acabado m\u00e1rmol\" data-e-action-hash=\"#elementor-action%3Aaction%3Dlightbox%26settings%3DeyJpZCI6MzkyNCwidXJsIjoiaHR0cHM6XC9cL3d3dy5zZW5zZW0uZXNcL3dwLWNvbnRlbnRcL3VwbG9hZHNcLzIwMjVcLzEyXC9hY2FiYWRvLWVzcGVjaWFsLXB1ZXJ0YS1zZW5zZW0uanBnIiwic2xpZGVzaG93IjoiNzcwNjgxMCJ9\">\n\t\t\t\t\t<div class=\"e-gallery-image elementor-gallery-item__image\" data-thumbnail=\"https:\/\/www.sensem.es\/wp-content\/uploads\/2025\/12\/acabado-especial-puerta-sensem-768x514.jpg\" data-width=\"768\" data-height=\"514\" aria-label=\"Puerta oculta fabricada a medida con acabado panelado en m\u00e1rmol\" role=\"img\" ><\/div>\n\t\t\t\t\t\t\t\t\t\t\t<div class=\"elementor-gallery-item__overlay\"><\/div>\n\t\t\t\t\t\t\t\t\t\t\t\t\t\t<\/a>\n\t\t\t\t\t<\/div>\n\t\t\t\t\t<\/div>\n\t\t\t\t<\/div>\n\t\t\t\t<\/div>\n\t\t\t\t\t<\/div>\n\t\t\t\t<\/div>\n\t\t\t\t<\/div>\n\t\t","protected":false},"excerpt":{"rendered":"<p>Entendemos la fabricaci\u00f3n como una parte esencial del proyecto arquitect\u00f3nico. Las puertas se producen de forma espec\u00edfica para cada obra en concreto, adapt\u00e1ndose a sus medidas, condicionantes t\u00e9cnicos y al lenguaje del espacio. El proceso combina fabricaci\u00f3n automatizada y trabajo manual especializado. La fase industrial, mediante sistemas automatizados ADIR-C CNR, garantiza precisi\u00f3n y regularidad, algo&hellip;<\/p>\n","protected":false},"author":4,"featured_media":3879,"parent":0,"menu_order":0,"comment_status":"closed","ping_status":"closed","template":"elementor_header_footer","meta":{"footnotes":""},"class_list":["post-3856","page","type-page","status-publish","has-post-thumbnail","hentry"],"yoast_head":"<!-- This site is optimized with the Yoast SEO plugin v27.4 - https:\/\/yoast.com\/product\/yoast-seo-wordpress\/ -->\n<title>Proceso de fabricaci\u00f3n - SENSEM | Puertas sin marcos<\/title>\n<meta name=\"robots\" content=\"index, follow, max-snippet:-1, max-image-preview:large, max-video-preview:-1\" \/>\n<link rel=\"canonical\" href=\"https:\/\/www.sensem.es\/es\/proceso-de-fabricacion\/\" \/>\n<meta property=\"og:locale\" content=\"es_ES\" \/>\n<meta property=\"og:type\" content=\"article\" \/>\n<meta property=\"og:title\" content=\"Proceso de fabricaci\u00f3n - SENSEM | Puertas sin marcos\" \/>\n<meta property=\"og:description\" content=\"Entendemos la fabricaci\u00f3n como una parte esencial del proyecto arquitect\u00f3nico. Las puertas se producen de forma espec\u00edfica para cada obra en concreto, adapt\u00e1ndose a sus medidas, condicionantes t\u00e9cnicos y al lenguaje del espacio. El proceso combina fabricaci\u00f3n automatizada y trabajo manual especializado. La fase industrial, mediante sistemas automatizados ADIR-C CNR, garantiza precisi\u00f3n y regularidad, algo&hellip;\" \/>\n<meta property=\"og:url\" content=\"https:\/\/www.sensem.es\/es\/proceso-de-fabricacion\/\" \/>\n<meta property=\"og:site_name\" content=\"SENSEM | Puertas sin marcos\" \/>\n<meta property=\"article:publisher\" content=\"https:\/\/www.facebook.com\/sensempuertassinmarco\/\" \/>\n<meta property=\"article:modified_time\" content=\"2025-12-21T11:33:19+00:00\" \/>\n<meta property=\"og:image\" content=\"https:\/\/www.sensem.es\/wp-content\/uploads\/2025\/12\/proceso-fabricacion-sensem-img.jpg\" \/>\n\t<meta property=\"og:image:width\" content=\"800\" \/>\n\t<meta property=\"og:image:height\" content=\"800\" \/>\n\t<meta property=\"og:image:type\" content=\"image\/jpeg\" \/>\n<meta name=\"twitter:card\" content=\"summary_large_image\" \/>\n<meta name=\"twitter:label1\" content=\"Tiempo de lectura\" \/>\n\t<meta name=\"twitter:data1\" content=\"4 minutos\" \/>\n<!-- \/ Yoast SEO plugin. -->","yoast_head_json":{"title":"Proceso de fabricaci\u00f3n - SENSEM | Puertas sin marcos","robots":{"index":"index","follow":"follow","max-snippet":"max-snippet:-1","max-image-preview":"max-image-preview:large","max-video-preview":"max-video-preview:-1"},"canonical":"https:\/\/www.sensem.es\/es\/proceso-de-fabricacion\/","og_locale":"es_ES","og_type":"article","og_title":"Proceso de fabricaci\u00f3n - SENSEM | Puertas sin marcos","og_description":"Entendemos la fabricaci\u00f3n como una parte esencial del proyecto arquitect\u00f3nico. Las puertas se producen de forma espec\u00edfica para cada obra en concreto, adapt\u00e1ndose a sus medidas, condicionantes t\u00e9cnicos y al lenguaje del espacio. El proceso combina fabricaci\u00f3n automatizada y trabajo manual especializado. La fase industrial, mediante sistemas automatizados ADIR-C CNR, garantiza precisi\u00f3n y regularidad, algo&hellip;","og_url":"https:\/\/www.sensem.es\/es\/proceso-de-fabricacion\/","og_site_name":"SENSEM | Puertas sin marcos","article_publisher":"https:\/\/www.facebook.com\/sensempuertassinmarco\/","article_modified_time":"2025-12-21T11:33:19+00:00","og_image":[{"width":800,"height":800,"url":"https:\/\/www.sensem.es\/wp-content\/uploads\/2025\/12\/proceso-fabricacion-sensem-img.jpg","type":"image\/jpeg"}],"twitter_card":"summary_large_image","twitter_misc":{"Tiempo de lectura":"4 minutos"},"schema":{"@context":"https:\/\/schema.org","@graph":[{"@type":"WebPage","@id":"https:\/\/www.sensem.es\/es\/proceso-de-fabricacion\/","url":"https:\/\/www.sensem.es\/es\/proceso-de-fabricacion\/","name":"Proceso de fabricaci\u00f3n - SENSEM | Puertas sin marcos","isPartOf":{"@id":"https:\/\/www.sensem.es\/es\/#website"},"primaryImageOfPage":{"@id":"https:\/\/www.sensem.es\/es\/proceso-de-fabricacion\/#primaryimage"},"image":{"@id":"https:\/\/www.sensem.es\/es\/proceso-de-fabricacion\/#primaryimage"},"thumbnailUrl":"https:\/\/www.sensem.es\/wp-content\/uploads\/2025\/12\/proceso-fabricacion-sensem-img.jpg","datePublished":"2025-12-21T09:00:21+00:00","dateModified":"2025-12-21T11:33:19+00:00","breadcrumb":{"@id":"https:\/\/www.sensem.es\/es\/proceso-de-fabricacion\/#breadcrumb"},"inLanguage":"es","potentialAction":[{"@type":"ReadAction","target":["https:\/\/www.sensem.es\/es\/proceso-de-fabricacion\/"]}]},{"@type":"ImageObject","inLanguage":"es","@id":"https:\/\/www.sensem.es\/es\/proceso-de-fabricacion\/#primaryimage","url":"https:\/\/www.sensem.es\/wp-content\/uploads\/2025\/12\/proceso-fabricacion-sensem-img.jpg","contentUrl":"https:\/\/www.sensem.es\/wp-content\/uploads\/2025\/12\/proceso-fabricacion-sensem-img.jpg","width":800,"height":800,"caption":"Proceso de fabricaci\u00f3n de puertas sin marco Sensem"},{"@type":"BreadcrumbList","@id":"https:\/\/www.sensem.es\/es\/proceso-de-fabricacion\/#breadcrumb","itemListElement":[{"@type":"ListItem","position":1,"name":"Portada","item":"https:\/\/www.sensem.es\/es\/"},{"@type":"ListItem","position":2,"name":"Proceso de fabricaci\u00f3n"}]},{"@type":"WebSite","@id":"https:\/\/www.sensem.es\/es\/#website","url":"https:\/\/www.sensem.es\/es\/","name":"Sensem","description":"F\u00e1brica de puertas sin marcos","publisher":{"@id":"https:\/\/www.sensem.es\/es\/#organization"},"alternateName":"Sensem","potentialAction":[{"@type":"SearchAction","target":{"@type":"EntryPoint","urlTemplate":"https:\/\/www.sensem.es\/es\/?s={search_term_string}"},"query-input":{"@type":"PropertyValueSpecification","valueRequired":true,"valueName":"search_term_string"}}],"inLanguage":"es"},{"@type":"Organization","@id":"https:\/\/www.sensem.es\/es\/#organization","name":"Mediterr\u00e1nea de Soluciones y Desarrollos, SL","alternateName":"Sensem","url":"https:\/\/www.sensem.es\/es\/","logo":{"@type":"ImageObject","inLanguage":"es","@id":"https:\/\/www.sensem.es\/es\/#\/schema\/logo\/image\/","url":"https:\/\/www.sensem.es\/wp-content\/uploads\/2020\/11\/negro-466x160-1.png","contentUrl":"https:\/\/www.sensem.es\/wp-content\/uploads\/2020\/11\/negro-466x160-1.png","width":466,"height":160,"caption":"Mediterr\u00e1nea de Soluciones y Desarrollos, SL"},"image":{"@id":"https:\/\/www.sensem.es\/es\/#\/schema\/logo\/image\/"},"sameAs":["https:\/\/www.facebook.com\/sensempuertassinmarco\/","https:\/\/www.linkedin.com\/company\/sensem-puertas-sin-marco\/","https:\/\/www.instagram.com\/sensempuertassinmarco\/"]}]}},"_links":{"self":[{"href":"https:\/\/www.sensem.es\/es\/wp-json\/wp\/v2\/pages\/3856","targetHints":{"allow":["GET"]}}],"collection":[{"href":"https:\/\/www.sensem.es\/es\/wp-json\/wp\/v2\/pages"}],"about":[{"href":"https:\/\/www.sensem.es\/es\/wp-json\/wp\/v2\/types\/page"}],"author":[{"embeddable":true,"href":"https:\/\/www.sensem.es\/es\/wp-json\/wp\/v2\/users\/4"}],"replies":[{"embeddable":true,"href":"https:\/\/www.sensem.es\/es\/wp-json\/wp\/v2\/comments?post=3856"}],"version-history":[{"count":0,"href":"https:\/\/www.sensem.es\/es\/wp-json\/wp\/v2\/pages\/3856\/revisions"}],"wp:featuredmedia":[{"embeddable":true,"href":"https:\/\/www.sensem.es\/es\/wp-json\/wp\/v2\/media\/3879"}],"wp:attachment":[{"href":"https:\/\/www.sensem.es\/es\/wp-json\/wp\/v2\/media?parent=3856"}],"curies":[{"name":"wp","href":"https:\/\/api.w.org\/{rel}","templated":true}]}}