{"id":3702,"date":"2025-09-12T08:28:37","date_gmt":"2025-09-12T06:28:37","guid":{"rendered":"https:\/\/www.sensem.es\/?page_id=3702"},"modified":"2025-11-26T09:26:42","modified_gmt":"2025-11-26T08:26:42","slug":"sistemas-apertura-puertas-puertas-sin-marcos","status":"publish","type":"page","link":"https:\/\/www.sensem.es\/es\/sistemas-apertura-puertas-puertas-sin-marcos\/","title":{"rendered":"Sistemas de apertura de las puertas sin marcos"},"content":{"rendered":"\t\t<div data-elementor-type=\"wp-page\" data-elementor-id=\"3702\" class=\"elementor elementor-3702\" data-elementor-post-type=\"page\">\n\t\t\t\t<div class=\"elementor-element elementor-element-59c0839 e-con-full e-flex e-con e-parent\" data-id=\"59c0839\" data-element_type=\"container\" data-e-type=\"container\" data-settings=\"{&quot;background_background&quot;:&quot;classic&quot;}\">\n\t\t<div class=\"elementor-element elementor-element-1cc537b e-con-full e-flex e-con e-child\" data-id=\"1cc537b\" data-element_type=\"container\" data-e-type=\"container\" data-settings=\"{&quot;background_background&quot;:&quot;classic&quot;}\">\n\t\t\t\t<div class=\"elementor-element elementor-element-9a786ab elementor-widget elementor-widget-heading\" data-id=\"9a786ab\" data-element_type=\"widget\" data-e-type=\"widget\" data-widget_type=\"heading.default\">\n\t\t\t\t<div class=\"elementor-widget-container\">\n\t\t\t\t\t<h1 class=\"elementor-heading-title elementor-size-default\"><span class=\"turquesa f-negro\">SISTEMAS DE APERTURA<\/span> PARA PUERTAS SIN MARCOS<\/h1>\t\t\t\t<\/div>\n\t\t\t\t<\/div>\n\t\t\t\t<div class=\"elementor-element elementor-element-eb9ff65 elementor-widget elementor-widget-text-editor\" data-id=\"eb9ff65\" data-element_type=\"widget\" data-e-type=\"widget\" data-widget_type=\"text-editor.default\">\n\t\t\t\t<div class=\"elementor-widget-container\">\n\t\t\t\t\t\t\t\t\t<p>El sistema de apertura de las puertas sin marcos es un factor determinante en su funcionalidad y dise\u00f1o. Cada tipo de apertura se adapta a necesidades espec\u00edficas, que van desde ahorrar espacio hasta simplemente destacar por innovador.<\/p>\t\t\t\t\t\t\t\t<\/div>\n\t\t\t\t<\/div>\n\t\t\t\t<\/div>\n\t\t\t\t<\/div>\n\t\t<div class=\"elementor-element elementor-element-71d37fc e-flex e-con-boxed e-con e-parent\" data-id=\"71d37fc\" data-element_type=\"container\" data-e-type=\"container\">\n\t\t\t\t\t<div class=\"e-con-inner\">\n\t\t\t\t<div class=\"elementor-element elementor-element-d02da6c elementor-widget__width-inherit elementor-widget elementor-widget-heading\" data-id=\"d02da6c\" data-element_type=\"widget\" data-e-type=\"widget\" data-widget_type=\"heading.default\">\n\t\t\t\t<div class=\"elementor-widget-container\">\n\t\t\t\t\t<h2 class=\"elementor-heading-title elementor-size-default\">SISTEMAS DE APERTURA <span class=\"turquesa\">PUERTAS SIN MARCO<\/span> SENSEM<\/h2>\t\t\t\t<\/div>\n\t\t\t\t<\/div>\n\t\t\t\t<div class=\"elementor-element elementor-element-5b04468 elementor-widget__width-inherit elementor-widget elementor-widget-text-editor\" data-id=\"5b04468\" data-element_type=\"widget\" data-e-type=\"widget\" data-widget_type=\"text-editor.default\">\n\t\t\t\t<div class=\"elementor-widget-container\">\n\t\t\t\t\t\t\t\t\t<p>Nuestros sistemas de apertura se integran a la perfecci\u00f3n en cualquier proyecto de interiorismo.<\/p>\t\t\t\t\t\t\t\t<\/div>\n\t\t\t\t<\/div>\n\t\t<div class=\"elementor-element elementor-element-eb686ff e-con-full e-flex e-con e-child\" data-id=\"eb686ff\" data-element_type=\"container\" data-e-type=\"container\">\n\t\t\t\t<div class=\"elementor-element elementor-element-1d84a7c elementor-widget elementor-widget-image\" data-id=\"1d84a7c\" data-element_type=\"widget\" data-e-type=\"widget\" data-widget_type=\"image.default\">\n\t\t\t\t<div class=\"elementor-widget-container\">\n\t\t\t\t\t\t\t\t\t\t\t\t\t\t\t\t<a href=\"https:\/\/www.sensem.es\/es\/puertas-pivotantes\/\" title=\"Ver puertas pivotantes\">\n\t\t\t\t\t\t\t<img decoding=\"async\" width=\"768\" height=\"992\" src=\"https:\/\/www.sensem.es\/wp-content\/uploads\/2020\/11\/puertas-pivotantes-link-home-768x992.jpg\" class=\"elementor-animation-float attachment-medium_large size-medium_large wp-image-525\" alt=\"Puertas pivotantes sin marcos y sistema pivotante invisible\" srcset=\"https:\/\/www.sensem.es\/wp-content\/uploads\/2020\/11\/puertas-pivotantes-link-home-768x992.jpg 768w, https:\/\/www.sensem.es\/wp-content\/uploads\/2020\/11\/puertas-pivotantes-link-home-232x300.jpg 232w, https:\/\/www.sensem.es\/wp-content\/uploads\/2020\/11\/puertas-pivotantes-link-home-793x1024.jpg 793w, https:\/\/www.sensem.es\/wp-content\/uploads\/2020\/11\/puertas-pivotantes-link-home.jpg 900w\" sizes=\"(max-width: 768px) 100vw, 768px\" \/>\t\t\t\t\t\t\t\t<\/a>\n\t\t\t\t\t\t\t\t\t\t\t\t\t\t\t<\/div>\n\t\t\t\t<\/div>\n\t\t\t\t<div class=\"elementor-element elementor-element-0ea4549 elementor-widget elementor-widget-heading\" data-id=\"0ea4549\" data-element_type=\"widget\" data-e-type=\"widget\" data-widget_type=\"heading.default\">\n\t\t\t\t<div class=\"elementor-widget-container\">\n\t\t\t\t\t<h3 class=\"elementor-heading-title elementor-size-default\"><a href=\"https:\/\/www.sensem.es\/es\/puertas-pivotantes\/\" title=\"Ver puertas pivotantes\">PUERTAS PIVOTANTES<\/a><\/h3>\t\t\t\t<\/div>\n\t\t\t\t<\/div>\n\t\t\t\t<div class=\"elementor-element elementor-element-6dfe67c elementor-widget elementor-widget-text-editor\" data-id=\"6dfe67c\" data-element_type=\"widget\" data-e-type=\"widget\" data-widget_type=\"text-editor.default\">\n\t\t\t\t<div class=\"elementor-widget-container\">\n\t\t\t\t\t\t\t\t\t<p>Su sistema de apertura pivotante con bisagras arriba y abajo permite un movimiento fluido y una integraci\u00f3n perfecta con el dise\u00f1o del espacio.<\/p>\t\t\t\t\t\t\t\t<\/div>\n\t\t\t\t<\/div>\n\t\t\t\t<\/div>\n\t\t<div class=\"elementor-element elementor-element-fb6ef53 e-con-full e-flex e-con e-child\" data-id=\"fb6ef53\" data-element_type=\"container\" data-e-type=\"container\">\n\t\t\t\t<div class=\"elementor-element elementor-element-fe89fed elementor-widget elementor-widget-image\" data-id=\"fe89fed\" data-element_type=\"widget\" data-e-type=\"widget\" data-widget_type=\"image.default\">\n\t\t\t\t<div class=\"elementor-widget-container\">\n\t\t\t\t\t\t\t\t\t\t\t\t\t\t\t\t<a href=\"https:\/\/www.sensem.es\/es\/puertas-correderas\/\" title=\"Ver puertas correderas\">\n\t\t\t\t\t\t\t<img decoding=\"async\" width=\"768\" height=\"992\" src=\"https:\/\/www.sensem.es\/wp-content\/uploads\/2020\/11\/puertas-correderas-link-home-768x992.jpg\" class=\"elementor-animation-float attachment-medium_large size-medium_large wp-image-527\" alt=\"Sistema de apertura puertas correderas\" srcset=\"https:\/\/www.sensem.es\/wp-content\/uploads\/2020\/11\/puertas-correderas-link-home-768x992.jpg 768w, https:\/\/www.sensem.es\/wp-content\/uploads\/2020\/11\/puertas-correderas-link-home-232x300.jpg 232w, https:\/\/www.sensem.es\/wp-content\/uploads\/2020\/11\/puertas-correderas-link-home-793x1024.jpg 793w, https:\/\/www.sensem.es\/wp-content\/uploads\/2020\/11\/puertas-correderas-link-home.jpg 900w\" sizes=\"(max-width: 768px) 100vw, 768px\" \/>\t\t\t\t\t\t\t\t<\/a>\n\t\t\t\t\t\t\t\t\t\t\t\t\t\t\t<\/div>\n\t\t\t\t<\/div>\n\t\t\t\t<div class=\"elementor-element elementor-element-b6466d6 elementor-widget elementor-widget-heading\" data-id=\"b6466d6\" data-element_type=\"widget\" data-e-type=\"widget\" data-widget_type=\"heading.default\">\n\t\t\t\t<div class=\"elementor-widget-container\">\n\t\t\t\t\t<h3 class=\"elementor-heading-title elementor-size-default\"><a href=\"https:\/\/www.sensem.es\/es\/puertas-correderas\/\" title=\"Ver puertas correderas\">PUERTAS CORREDERAS<\/a><\/h3>\t\t\t\t<\/div>\n\t\t\t\t<\/div>\n\t\t\t\t<div class=\"elementor-element elementor-element-dff37ed elementor-widget elementor-widget-text-editor\" data-id=\"dff37ed\" data-element_type=\"widget\" data-e-type=\"widget\" data-widget_type=\"text-editor.default\">\n\t\t\t\t<div class=\"elementor-widget-container\">\n\t\t\t\t\t\t\t\t\t<p>Las puertas correderas se deslizan en lugar de abrirse hacia afuera, por lo que no requieren un \u00e1rea extra para su apertura.<\/p>\t\t\t\t\t\t\t\t<\/div>\n\t\t\t\t<\/div>\n\t\t\t\t<\/div>\n\t\t<div class=\"elementor-element elementor-element-001505b e-con-full e-flex e-con e-child\" data-id=\"001505b\" data-element_type=\"container\" data-e-type=\"container\">\n\t\t\t\t<div class=\"elementor-element elementor-element-77d2a83 elementor-widget elementor-widget-image\" data-id=\"77d2a83\" data-element_type=\"widget\" data-e-type=\"widget\" data-widget_type=\"image.default\">\n\t\t\t\t<div class=\"elementor-widget-container\">\n\t\t\t\t\t\t\t\t\t\t\t\t\t\t\t\t<a href=\"https:\/\/www.sensem.es\/es\/puertas-abisagradas\/\" title=\"Ver puertas abatibles\">\n\t\t\t\t\t\t\t<img decoding=\"async\" width=\"768\" height=\"992\" src=\"https:\/\/www.sensem.es\/wp-content\/uploads\/2020\/11\/puertas-abatibles-link-home-768x992.jpg\" class=\"elementor-animation-float attachment-medium_large size-medium_large wp-image-529\" alt=\"Sistema de apertura puertas abatibles\" srcset=\"https:\/\/www.sensem.es\/wp-content\/uploads\/2020\/11\/puertas-abatibles-link-home-768x992.jpg 768w, https:\/\/www.sensem.es\/wp-content\/uploads\/2020\/11\/puertas-abatibles-link-home-232x300.jpg 232w, https:\/\/www.sensem.es\/wp-content\/uploads\/2020\/11\/puertas-abatibles-link-home-793x1024.jpg 793w, https:\/\/www.sensem.es\/wp-content\/uploads\/2020\/11\/puertas-abatibles-link-home.jpg 900w\" sizes=\"(max-width: 768px) 100vw, 768px\" \/>\t\t\t\t\t\t\t\t<\/a>\n\t\t\t\t\t\t\t\t\t\t\t\t\t\t\t<\/div>\n\t\t\t\t<\/div>\n\t\t\t\t<div class=\"elementor-element elementor-element-5b3dc25 elementor-widget elementor-widget-heading\" data-id=\"5b3dc25\" data-element_type=\"widget\" data-e-type=\"widget\" data-widget_type=\"heading.default\">\n\t\t\t\t<div class=\"elementor-widget-container\">\n\t\t\t\t\t<h3 class=\"elementor-heading-title elementor-size-default\"><a href=\"https:\/\/www.sensem.es\/es\/puertas-abisagradas\/\" title=\"Ver puertas abatibles\">PUERTAS ABATIBLES<\/a><\/h3>\t\t\t\t<\/div>\n\t\t\t\t<\/div>\n\t\t\t\t<div class=\"elementor-element elementor-element-c4f7aae elementor-widget elementor-widget-text-editor\" data-id=\"c4f7aae\" data-element_type=\"widget\" data-e-type=\"widget\" data-widget_type=\"text-editor.default\">\n\t\t\t\t<div class=\"elementor-widget-container\">\n\t\t\t\t\t\t\t\t\t<p>Las puertas abatibles con bisagras ocultas ofrecen una apertura tradicional con una est\u00e9tica moderna y muy funcional.<\/p>\t\t\t\t\t\t\t\t<\/div>\n\t\t\t\t<\/div>\n\t\t\t\t<\/div>\n\t\t\t\t\t<\/div>\n\t\t\t\t<\/div>\n\t\t<div class=\"elementor-element elementor-element-7a253dd e-flex e-con-boxed e-con e-parent\" data-id=\"7a253dd\" data-element_type=\"container\" data-e-type=\"container\" data-settings=\"{&quot;background_background&quot;:&quot;classic&quot;}\">\n\t\t\t\t\t<div class=\"e-con-inner\">\n\t\t\t\t<div class=\"elementor-element elementor-element-c965282 elementor-widget__width-inherit elementor-widget elementor-widget-heading\" data-id=\"c965282\" data-element_type=\"widget\" data-e-type=\"widget\" data-widget_type=\"heading.default\">\n\t\t\t\t<div class=\"elementor-widget-container\">\n\t\t\t\t\t<h2 class=\"elementor-heading-title elementor-size-default\">SISTEMAS DE APERTURA CON <span class=\"turquesa f-negro\">GARANT\u00cdA SENSEM<\/span><\/h2>\t\t\t\t<\/div>\n\t\t\t\t<\/div>\n\t\t\t\t<div class=\"elementor-element elementor-element-2e51401 elementor-widget__width-inherit elementor-widget elementor-widget-text-editor\" data-id=\"2e51401\" data-element_type=\"widget\" data-e-type=\"widget\" data-widget_type=\"text-editor.default\">\n\t\t\t\t<div class=\"elementor-widget-container\">\n\t\t\t\t\t\t\t\t\t<p style=\"text-align: center;\">La firme apuesta de Sensem por la calidad nos ha llevado a someter nuestros productos a ensayos en los laboratorios t\u00e9cnicos m\u00e1s reconocidos de Espa\u00f1a, garantizando el cumplimiento con los m\u00e1s altos est\u00e1ndares.<\/p>\t\t\t\t\t\t\t\t<\/div>\n\t\t\t\t<\/div>\n\t\t\t\t<div class=\"elementor-element elementor-element-a6ebd22 elementor-widget elementor-widget-image\" data-id=\"a6ebd22\" data-element_type=\"widget\" data-e-type=\"widget\" data-widget_type=\"image.default\">\n\t\t\t\t<div class=\"elementor-widget-container\">\n\t\t\t\t\t\t\t\t\t\t\t\t\t\t\t<img decoding=\"async\" src=\"https:\/\/www.sensem.es\/wp-content\/uploads\/elementor\/thumbs\/tecnalia-laboratorio-logo-b-oyosk4sambqvbp2gku4qjpm547nm1yqk5o9mv3r2vm.png\" title=\"Logo laboratorio Technalia\" alt=\"Logotipo laboratorio Technalia, donde realizamos nuestras pruebas y ensayos de calidad\" loading=\"lazy\" \/>\t\t\t\t\t\t\t\t\t\t\t\t\t\t\t<\/div>\n\t\t\t\t<\/div>\n\t\t\t\t<div class=\"elementor-element elementor-element-b611583 elementor-widget elementor-widget-image\" data-id=\"b611583\" data-element_type=\"widget\" data-e-type=\"widget\" data-widget_type=\"image.default\">\n\t\t\t\t<div class=\"elementor-widget-container\">\n\t\t\t\t\t\t\t\t\t\t\t\t\t\t\t<img decoding=\"async\" src=\"https:\/\/www.sensem.es\/wp-content\/uploads\/elementor\/thumbs\/applus-laboratorio-logo-b-oyosk6nxs51owtn528hrt5apq9brco3q2bku3t11cq.png\" title=\"Logotipo Applus Steeltest\" alt=\"Logotipo Applus Steeltest, donde realizamos los ensayos para los materiales met\u00e1licos de nuestras puertas\" loading=\"lazy\" \/>\t\t\t\t\t\t\t\t\t\t\t\t\t\t\t<\/div>\n\t\t\t\t<\/div>\n\t\t\t\t<div class=\"elementor-element elementor-element-5cab70e elementor-align-center elementor-widget__width-inherit elementor-widget elementor-widget-button\" data-id=\"5cab70e\" data-element_type=\"widget\" data-e-type=\"widget\" data-widget_type=\"button.default\">\n\t\t\t\t<div class=\"elementor-widget-container\">\n\t\t\t\t\t\t\t\t\t<div class=\"elementor-button-wrapper\">\n\t\t\t\t\t<a class=\"elementor-button elementor-button-link elementor-size-md elementor-animation-grow\" href=\"https:\/\/www.sensem.es\/es\/durabilidad-puertas-sin-marcos\/\">\n\t\t\t\t\t\t<span class=\"elementor-button-content-wrapper\">\n\t\t\t\t\t\t\t\t\t<span class=\"elementor-button-text\">VER ENSAYO DE DURABILIDAD<\/span>\n\t\t\t\t\t<\/span>\n\t\t\t\t\t<\/a>\n\t\t\t\t<\/div>\n\t\t\t\t\t\t\t\t<\/div>\n\t\t\t\t<\/div>\n\t\t\t\t\t<\/div>\n\t\t\t\t<\/div>\n\t\t<div class=\"elementor-element elementor-element-f9eec2b e-flex e-con-boxed e-con e-parent\" data-id=\"f9eec2b\" data-element_type=\"container\" data-e-type=\"container\" data-settings=\"{&quot;background_background&quot;:&quot;classic&quot;}\">\n\t\t\t\t\t<div class=\"e-con-inner\">\n\t\t\t\t<div class=\"elementor-element elementor-element-5cdda57 elementor-widget__width-inherit elementor-widget elementor-widget-heading\" data-id=\"5cdda57\" data-element_type=\"widget\" data-e-type=\"widget\" data-widget_type=\"heading.default\">\n\t\t\t\t<div class=\"elementor-widget-container\">\n\t\t\t\t\t<h2 class=\"elementor-heading-title elementor-size-default\">SISTEMAS DE <span class=\"turquesa f-negro\">APERTURA PARA PUERTAS<\/span> OCULTAS<\/h2>\t\t\t\t<\/div>\n\t\t\t\t<\/div>\n\t\t\t\t<div class=\"elementor-element elementor-element-331dd59 elementor-widget elementor-widget-text-editor\" data-id=\"331dd59\" data-element_type=\"widget\" data-e-type=\"widget\" data-widget_type=\"text-editor.default\">\n\t\t\t\t<div class=\"elementor-widget-container\">\n\t\t\t\t\t\t\t\t\t<p>En un proyecto de interiorismo, el sistema de apertura elegido para las puerta sin marcos <strong>influye de forma directa en la manera en que se organiza, se aprovecha y se percibe el espacio<\/strong>.<\/p><p>Por eso, decidir entre una apertura abatible, corredera o pivotante requiere tener en cuenta la superficie libre, la funcionalidad en el d\u00eda a d\u00eda y el resultado est\u00e9tico del conjunto.<\/p><p>Las <strong>puertas abatibles<\/strong> o practicables son <strong>el sistema m\u00e1s habitual<\/strong>. Requieren un radio libre para abrirse, por lo que encajan bien en estancias donde el espacio lo permite. Aportan un cierre preciso y una integraci\u00f3n sencilla con distintos acabados.<\/p><p><span style=\"word-spacing: normal;\">Las <\/span><strong style=\"word-spacing: normal;\">puertas correderas<\/strong><span style=\"word-spacing: normal;\"> son id\u00f3neas cuando interesa <\/span><strong style=\"word-spacing: normal;\">optimizar metros<\/strong><span style=\"word-spacing: normal;\"> y facilitar la continuidad visual. Al deslizarse paralelas al muro, liberan superficie \u00fatil y permiten conectar o separar ambientes sin interferir en la distribuci\u00f3n del mobiliario.<\/span><\/p><p>Las <strong>puertas pivotantes<\/strong> ofrecen <strong>una apertura distinta<\/strong>, con el eje de giro desplazado que genera un acceso m\u00e1s amplio y un movimiento llamativo. Funcionan bien en espacios grandes donde hay margen suficiente para su movimiento y la puerta puede adquirir mayor protagonismo.<\/p><p>Los herrajes y los tiradores son un elemento a destacar en este tipo de soluciones, ya que aseguran un uso c\u00f3modo y duradero, al tiempo que mantienen la coherencia est\u00e9tica del proyecto.<\/p><p>La elecci\u00f3n de bisagras ocultas, gu\u00edas precisas o tiradores integrados influye directamente en la continuidad visual y en la calidad final de la puerta, por lo que se recomiendan y seleccionan siempre en funci\u00f3n del espacio.<\/p><p>Hoy en d\u00eda, <strong>cualquiera de estos sistemas puede fabricarse a medida y en grandes dimensiones<\/strong>, alcanzando hasta 3.500 mm de altura y 4.500 mm de ancho, seg\u00fan sistemas. Lo que permite responder cualquier tipo de proyecto de interiorismo.<\/p>\t\t\t\t\t\t\t\t<\/div>\n\t\t\t\t<\/div>\n\t\t\t\t\t<\/div>\n\t\t\t\t<\/div>\n\t\t<div class=\"elementor-element elementor-element-f87a2ee e-flex e-con-boxed e-con e-parent\" data-id=\"f87a2ee\" data-element_type=\"container\" data-e-type=\"container\" data-settings=\"{&quot;background_background&quot;:&quot;classic&quot;}\">\n\t\t\t\t\t<div class=\"e-con-inner\">\n\t\t\t\t<div class=\"elementor-element elementor-element-9e22c3e elementor-widget elementor-widget-heading\" data-id=\"9e22c3e\" data-element_type=\"widget\" data-e-type=\"widget\" data-widget_type=\"heading.default\">\n\t\t\t\t<div class=\"elementor-widget-container\">\n\t\t\t\t\t<h2 class=\"elementor-heading-title elementor-size-default\"><span class=\"turquesa f-negro\">FABRICACI\u00d3N A MEDIDA DE PUERTAS INVISIBLES<\/span>  CON DIFERENTES SISTEMAS DE APERTURA<\/h2>\t\t\t\t<\/div>\n\t\t\t\t<\/div>\n\t\t\t\t<div class=\"elementor-element elementor-element-4353c9f elementor-widget elementor-widget-text-editor\" data-id=\"4353c9f\" data-element_type=\"widget\" data-e-type=\"widget\" data-widget_type=\"text-editor.default\">\n\t\t\t\t<div class=\"elementor-widget-container\">\n\t\t\t\t\t\t\t\t\t<p style=\"text-align: center;\">Colaboramos con arquitectos e interioristas adaptando las medidas de nuestras puertas a los retos espec\u00edficos de cada dise\u00f1o.<\/p>\t\t\t\t\t\t\t\t<\/div>\n\t\t\t\t<\/div>\n\t\t\t\t<div class=\"elementor-element elementor-element-784813c elementor-align-center elementor-widget elementor-widget-button\" data-id=\"784813c\" data-element_type=\"widget\" data-e-type=\"widget\" data-widget_type=\"button.default\">\n\t\t\t\t<div class=\"elementor-widget-container\">\n\t\t\t\t\t\t\t\t\t<div class=\"elementor-button-wrapper\">\n\t\t\t\t\t<a class=\"elementor-button elementor-button-link elementor-size-md elementor-animation-grow\" href=\"https:\/\/www.sensem.es\/es\/contacto\/\">\n\t\t\t\t\t\t<span class=\"elementor-button-content-wrapper\">\n\t\t\t\t\t\t\t\t\t<span class=\"elementor-button-text\">CONTACTAR<\/span>\n\t\t\t\t\t<\/span>\n\t\t\t\t\t<\/a>\n\t\t\t\t<\/div>\n\t\t\t\t\t\t\t\t<\/div>\n\t\t\t\t<\/div>\n\t\t\t\t\t<\/div>\n\t\t\t\t<\/div>\n\t\t\t\t<\/div>\n\t\t","protected":false},"excerpt":{"rendered":"<p>SISTEMAS DE APERTURA PARA PUERTAS SIN MARCOS El sistema de apertura de las puertas sin marcos es un factor determinante en su funcionalidad y dise\u00f1o. Cada tipo de apertura se adapta a necesidades espec\u00edficas, que van desde ahorrar espacio hasta simplemente destacar por innovador. SISTEMAS DE APERTURA PUERTAS SIN MARCO SENSEM Nuestros sistemas de apertura&hellip;<\/p>\n","protected":false},"author":4,"featured_media":0,"parent":0,"menu_order":0,"comment_status":"closed","ping_status":"closed","template":"elementor_header_footer","meta":{"footnotes":""},"class_list":["post-3702","page","type-page","status-publish","hentry"],"yoast_head":"<!-- This site is optimized with the Yoast SEO plugin v27.4 - https:\/\/yoast.com\/product\/yoast-seo-wordpress\/ -->\n<title>Sistemas de apertura de las puertas sin marcos - SENSEM | Puertas sin marcos<\/title>\n<meta name=\"description\" content=\"Adaptamos la apertura de tus puertas a las necesidades de tu proyecto con sistemas de apertura exclusivos para nuestras puertas sin marcos.\" \/>\n<meta name=\"robots\" content=\"index, follow, max-snippet:-1, max-image-preview:large, max-video-preview:-1\" \/>\n<link rel=\"canonical\" href=\"https:\/\/www.sensem.es\/es\/sistemas-apertura-puertas-puertas-sin-marcos\/\" \/>\n<meta property=\"og:locale\" content=\"es_ES\" \/>\n<meta property=\"og:type\" content=\"article\" \/>\n<meta property=\"og:title\" content=\"Sistemas de apertura de las puertas sin marcos - SENSEM | Puertas sin marcos\" \/>\n<meta property=\"og:description\" content=\"Adaptamos la apertura de tus puertas a las necesidades de tu proyecto con sistemas de apertura exclusivos para nuestras puertas sin marcos.\" \/>\n<meta property=\"og:url\" content=\"https:\/\/www.sensem.es\/es\/sistemas-apertura-puertas-puertas-sin-marcos\/\" \/>\n<meta property=\"og:site_name\" content=\"SENSEM | Puertas sin marcos\" \/>\n<meta property=\"article:publisher\" content=\"https:\/\/www.facebook.com\/sensempuertassinmarco\/\" \/>\n<meta property=\"article:modified_time\" content=\"2025-11-26T08:26:42+00:00\" \/>\n<meta property=\"og:image\" content=\"https:\/\/www.sensem.es\/wp-content\/uploads\/2020\/11\/puertas-pivotantes-link-home.jpg\" \/>\n\t<meta property=\"og:image:width\" content=\"900\" \/>\n\t<meta property=\"og:image:height\" content=\"1162\" \/>\n\t<meta property=\"og:image:type\" content=\"image\/jpeg\" \/>\n<meta name=\"twitter:card\" content=\"summary_large_image\" \/>\n<meta name=\"twitter:label1\" content=\"Tiempo de lectura\" \/>\n\t<meta name=\"twitter:data1\" content=\"4 minutos\" \/>\n<!-- \/ Yoast SEO plugin. -->","yoast_head_json":{"title":"Sistemas de apertura de las puertas sin marcos - SENSEM | Puertas sin marcos","description":"Adaptamos la apertura de tus puertas a las necesidades de tu proyecto con sistemas de apertura exclusivos para nuestras puertas sin marcos.","robots":{"index":"index","follow":"follow","max-snippet":"max-snippet:-1","max-image-preview":"max-image-preview:large","max-video-preview":"max-video-preview:-1"},"canonical":"https:\/\/www.sensem.es\/es\/sistemas-apertura-puertas-puertas-sin-marcos\/","og_locale":"es_ES","og_type":"article","og_title":"Sistemas de apertura de las puertas sin marcos - SENSEM | Puertas sin marcos","og_description":"Adaptamos la apertura de tus puertas a las necesidades de tu proyecto con sistemas de apertura exclusivos para nuestras puertas sin marcos.","og_url":"https:\/\/www.sensem.es\/es\/sistemas-apertura-puertas-puertas-sin-marcos\/","og_site_name":"SENSEM | Puertas sin marcos","article_publisher":"https:\/\/www.facebook.com\/sensempuertassinmarco\/","article_modified_time":"2025-11-26T08:26:42+00:00","og_image":[{"width":900,"height":1162,"url":"https:\/\/www.sensem.es\/wp-content\/uploads\/2020\/11\/puertas-pivotantes-link-home.jpg","type":"image\/jpeg"}],"twitter_card":"summary_large_image","twitter_misc":{"Tiempo de lectura":"4 minutos"},"schema":{"@context":"https:\/\/schema.org","@graph":[{"@type":"WebPage","@id":"https:\/\/www.sensem.es\/es\/sistemas-apertura-puertas-puertas-sin-marcos\/","url":"https:\/\/www.sensem.es\/es\/sistemas-apertura-puertas-puertas-sin-marcos\/","name":"Sistemas de apertura de las puertas sin marcos - SENSEM | Puertas sin marcos","isPartOf":{"@id":"https:\/\/www.sensem.es\/es\/#website"},"primaryImageOfPage":{"@id":"https:\/\/www.sensem.es\/es\/sistemas-apertura-puertas-puertas-sin-marcos\/#primaryimage"},"image":{"@id":"https:\/\/www.sensem.es\/es\/sistemas-apertura-puertas-puertas-sin-marcos\/#primaryimage"},"thumbnailUrl":"https:\/\/www.sensem.es\/wp-content\/uploads\/2020\/11\/puertas-pivotantes-link-home-768x992.jpg","datePublished":"2025-09-12T06:28:37+00:00","dateModified":"2025-11-26T08:26:42+00:00","description":"Adaptamos la apertura de tus puertas a las necesidades de tu proyecto con sistemas de apertura exclusivos para nuestras puertas sin marcos.","breadcrumb":{"@id":"https:\/\/www.sensem.es\/es\/sistemas-apertura-puertas-puertas-sin-marcos\/#breadcrumb"},"inLanguage":"es","potentialAction":[{"@type":"ReadAction","target":["https:\/\/www.sensem.es\/es\/sistemas-apertura-puertas-puertas-sin-marcos\/"]}]},{"@type":"ImageObject","inLanguage":"es","@id":"https:\/\/www.sensem.es\/es\/sistemas-apertura-puertas-puertas-sin-marcos\/#primaryimage","url":"https:\/\/www.sensem.es\/wp-content\/uploads\/2020\/11\/puertas-pivotantes-link-home-768x992.jpg","contentUrl":"https:\/\/www.sensem.es\/wp-content\/uploads\/2020\/11\/puertas-pivotantes-link-home-768x992.jpg"},{"@type":"BreadcrumbList","@id":"https:\/\/www.sensem.es\/es\/sistemas-apertura-puertas-puertas-sin-marcos\/#breadcrumb","itemListElement":[{"@type":"ListItem","position":1,"name":"Portada","item":"https:\/\/www.sensem.es\/es\/"},{"@type":"ListItem","position":2,"name":"Sistemas de apertura de las puertas sin marcos"}]},{"@type":"WebSite","@id":"https:\/\/www.sensem.es\/es\/#website","url":"https:\/\/www.sensem.es\/es\/","name":"Sensem","description":"F\u00e1brica de puertas sin marcos","publisher":{"@id":"https:\/\/www.sensem.es\/es\/#organization"},"alternateName":"Sensem","potentialAction":[{"@type":"SearchAction","target":{"@type":"EntryPoint","urlTemplate":"https:\/\/www.sensem.es\/es\/?s={search_term_string}"},"query-input":{"@type":"PropertyValueSpecification","valueRequired":true,"valueName":"search_term_string"}}],"inLanguage":"es"},{"@type":"Organization","@id":"https:\/\/www.sensem.es\/es\/#organization","name":"Mediterr\u00e1nea de Soluciones y Desarrollos, SL","alternateName":"Sensem","url":"https:\/\/www.sensem.es\/es\/","logo":{"@type":"ImageObject","inLanguage":"es","@id":"https:\/\/www.sensem.es\/es\/#\/schema\/logo\/image\/","url":"https:\/\/www.sensem.es\/wp-content\/uploads\/2020\/11\/negro-466x160-1.png","contentUrl":"https:\/\/www.sensem.es\/wp-content\/uploads\/2020\/11\/negro-466x160-1.png","width":466,"height":160,"caption":"Mediterr\u00e1nea de Soluciones y Desarrollos, SL"},"image":{"@id":"https:\/\/www.sensem.es\/es\/#\/schema\/logo\/image\/"},"sameAs":["https:\/\/www.facebook.com\/sensempuertassinmarco\/","https:\/\/www.linkedin.com\/company\/sensem-puertas-sin-marco\/","https:\/\/www.instagram.com\/sensempuertassinmarco\/"]}]}},"_links":{"self":[{"href":"https:\/\/www.sensem.es\/es\/wp-json\/wp\/v2\/pages\/3702","targetHints":{"allow":["GET"]}}],"collection":[{"href":"https:\/\/www.sensem.es\/es\/wp-json\/wp\/v2\/pages"}],"about":[{"href":"https:\/\/www.sensem.es\/es\/wp-json\/wp\/v2\/types\/page"}],"author":[{"embeddable":true,"href":"https:\/\/www.sensem.es\/es\/wp-json\/wp\/v2\/users\/4"}],"replies":[{"embeddable":true,"href":"https:\/\/www.sensem.es\/es\/wp-json\/wp\/v2\/comments?post=3702"}],"version-history":[{"count":0,"href":"https:\/\/www.sensem.es\/es\/wp-json\/wp\/v2\/pages\/3702\/revisions"}],"wp:attachment":[{"href":"https:\/\/www.sensem.es\/es\/wp-json\/wp\/v2\/media?parent=3702"}],"curies":[{"name":"wp","href":"https:\/\/api.w.org\/{rel}","templated":true}]}}