{"id":17,"date":"2020-10-31T10:59:22","date_gmt":"2020-10-31T09:59:22","guid":{"rendered":"https:\/\/www.sensem.es\/?page_id=17"},"modified":"2024-11-13T12:37:43","modified_gmt":"2024-11-13T11:37:43","slug":"politica-de-privacidad","status":"publish","type":"page","link":"https:\/\/www.sensem.es\/es\/politica-de-privacidad\/","title":{"rendered":"Pol\u00edtica de Privacidad"},"content":{"rendered":"<p>En MEDITERRANEA DE SOLUCIONES Y DESARROLLOS, S.L. (en adelante, SENSEM) nos preocupamos por la privacidad y la transparencia.<\/p>\n<p>En virtud de lo dispuesto en el Reglamento (UE) 2016\/679 del Parlamento Europeo y del Consejo, de 27 de abril de 2016, relativo a la protecci\u00f3n de las personas f\u00edsicas en lo que respecta al tratamiento de datos personales y a la libre circulaci\u00f3n de estos datos (en adelante, el \u201cRGPD\u201d), y a la Ley Org\u00e1nica 3\/2018, de 5 de diciembre, de Protecci\u00f3n de Datos Personales y Garant\u00eda de Derechos Digitales (LOPDGDD), le indicamos en detalle los tratamientos de datos personales que realizamos, as\u00ed como toda la informaci\u00f3n relativa a los mismos.<\/p>\n<p>A continuaci\u00f3n, le indicamos en detalle los tratamientos de datos personales que realizamos, as\u00ed como toda la informaci\u00f3n relativa a los mismos.<\/p>\n<h2>\u00bfQui\u00e9n es el responsable del tratamiento de sus datos?<\/h2>\n<ul>\n<li>MEDITERRANEA DE SOLUCIONES Y DESARROLLOS, S.L.<\/li>\n<li>B96367891<\/li>\n<li>C\/ PRIMERO DE MAYO, N\u00ba 13 &#8211; 46791 \u2013BENIFAIR\u00d3 DE LA VALLDIGNA &#8211; VALENCIA.<\/li>\n<li>962810451<\/li>\n<li>info@sensem.es.<\/li>\n<\/ul>\n<h2>\u00bfCu\u00e1les son sus derechos cuando nos facilita sus datos?<\/h2>\n<p>Cualquier persona tiene derecho a obtener confirmaci\u00f3n sobre si en SENSEM, S.L. estamos tratando, o no, datos personales que les conciernan.<\/p>\n<p>Las personas interesadas tienen derecho a acceder a sus datos personales, as\u00ed como a solicitar la rectificaci\u00f3n de los datos inexactos o, en su caso, solicitar su supresi\u00f3n cuando, entre otros motivos, los datos ya no sean necesarios para los fines que fueron recogidos. Igualmente tiene derecho a la portabilidad de sus datos.<\/p>\n<p>En determinadas circunstancias, los interesados podr\u00e1n solicitar la limitaci\u00f3n del tratamiento de sus datos, en cuyo caso \u00fanicamente los conservaremos para el ejercicio o la defensa de reclamaciones.<\/p>\n<p>En determinadas circunstancias y por motivos relacionados con su situaci\u00f3n particular, los interesados podr\u00e1n oponerse al tratamiento de sus datos. En este caso, SENSEM dejar\u00e1 de tratar los datos, salvo por motivos leg\u00edtimos imperiosos, o el ejercicio o la defensa de posibles reclamaciones.<\/p>\n<p>Podr\u00e1 ejercitar materialmente sus derechos de la siguiente forma: dirigi\u00e9ndose a la direcci\u00f3n del responsable del tratamiento<\/p>\n<p>Cuando se realice el env\u00edo de comunicaciones comerciales utilizando como base jur\u00eddica el inter\u00e9s leg\u00edtimo del responsable, el interesado podr\u00e1 oponerse al tratamiento de sus datos con ese fin.<\/p>\n<p>Si ha otorgado su consentimiento para alguna finalidad concreta, tiene derecho a retirar el consentimiento otorgado en cualquier momento, sin que ello afecte a la licitud del tratamiento basado en el consentimiento previo a su retirada.<\/p>\n<p>En caso de que sienta vulnerados sus derechos en lo concerniente a la protecci\u00f3n de sus datos personales, especialmente cuando no haya obtenido satisfacci\u00f3n en el ejercicio de sus derechos, puede presentar una reclamaci\u00f3n ante la Autoridad de Control en materia de Protecci\u00f3n de Datos competente a trav\u00e9s de su sitio web: www.aepd.es.<\/p>\n<h2>Tratamiento de los datos de clientes<\/h2>\n<h3>1. \u00bfCon qu\u00e9 finalidad tratamos sus datos personales?<\/h3>\n<p>En SENSEM tratamos la informaci\u00f3n que nos facilitan las personas interesadas con el fin de realizar la gesti\u00f3n administrativa, contable y fiscal de los servicios solicitados, as\u00ed como enviar comunicaciones comerciales sobre nuestros productos y servicios. En el caso de que no facilite sus datos personales, no podremos cumplir con las funcionalidades descritas anteriormente.No se van a tomar decisiones automatizadas en base a los datos proporcionados.<\/p>\n<h3>2. \u00bfPor cu\u00e1nto tiempo conservaremos sus datos?<\/h3>\n<p>Los datos se conservar\u00e1n mientras el interesado no solicite su supresi\u00f3n, y en su caso, durante los a\u00f1os necesarios para cumplir con las obligaciones legales.<\/p>\n<h3>3. \u00bfCu\u00e1l es la legitimaci\u00f3n para el tratamiento de sus datos?<\/h3>\n<p>Le indicamos la base legal para el tratamiento de sus datos:<\/p>\n<ul>\n<li>Ejecuci\u00f3n de un contrato: Gesti\u00f3n fiscal, contable y administrativa de clientes. (RGPD art. 6.1.b).<\/li>\n<li>Inter\u00e9s leg\u00edtimo del Responsable: Env\u00edo de comunicaciones comerciales incluso por v\u00eda electr\u00f3nica. (RGPD Considerando 47, LSSICE art. 21.2).<\/li>\n<\/ul>\n<h3>4. \u00bfA qu\u00e9 destinatarios se comunicar\u00e1n sus datos?<\/h3>\n<p>Los datos se comunicar\u00e1n a los siguientes destinatarios:<\/p>\n<ul>\n<li>Administraci\u00f3n Tributaria, con la finalidad de cumplir con las obligaciones legales (requisito legal).<\/li>\n<li>Entidades financieras, con la finalidad de girar los recibos correspondientes (requisito contractual).<\/li>\n<\/ul>\n<h3>5. Transferencias de datos a terceros pa\u00edses<\/h3>\n<p>No est\u00e1n previstas transferencias de datos a terceros pa\u00edses.<\/p>\n<h3>6. \u00bfC\u00f3mo hemos obtenido sus datos?<\/h3>\n<p>Los datos personales que tratamos en SENSEM proceden del propio interesado o de su representante legal.Las categor\u00edas de datos que se tratan son:<\/p>\n<ul>\n<li>Datos identificativos.<\/li>\n<li>Direcciones postales y electr\u00f3nicas.<\/li>\n<li>Informaci\u00f3n comercial.<\/li>\n<li>Datos econ\u00f3micos.<\/li>\n<\/ul>\n<h2>Tratamiento de los datos de potenciales clientes y contactos<\/h2>\n<h3>1. \u00bfCon qu\u00e9 finalidad tratamos sus datos personales?<\/h3>\n<p>En SENSEM tratamos la informaci\u00f3n que nos facilitan las personas interesadas con el fin de realizar la gesti\u00f3n de potenciales clientes que se han interesado sobre nuestros productos y\/o servicios, as\u00ed como otros contactos comerciales. Env\u00edo de comunicaciones comerciales inclusive por v\u00eda electr\u00f3nica. En el caso de que no facilite sus datos personales, no podremos cumplir con las funcionalidades descritas anteriormente.No se van a tomar decisiones automatizadas en base a los datos proporcionados.<\/p>\n<h3>2. \u00bfPor cu\u00e1nto tiempo conservaremos sus datos?<\/h3>\n<p>Los datos se conservar\u00e1n mientras el interesado no solicite su supresi\u00f3n.<\/p>\n<h3>3. \u00bfCu\u00e1l es la legitimaci\u00f3n para el tratamiento de sus datos?<\/h3>\n<p>Le indicamos la base legal para el tratamiento de sus datos:<\/p>\n<ul>\n<li>Ejecuci\u00f3n de un contrato: Gesti\u00f3n de potenciales clientes que se han interesado sobre nuestros productos y\/o servicios. (RGPD, art. 6.1.b, LSSICE art.21).<\/li>\n<li>Consentimiento del interesado: Enviar comunicaciones comerciales, inclusive por v\u00eda electr\u00f3nica. (RGPD, art. 6.1.a).<\/li>\n<li>Inter\u00e9s leg\u00edtimo del Responsable: Gesti\u00f3n de los datos de contacto profesionales (LOPDGDD art.19, RGPD art. 6.1.f).<\/li>\n<\/ul>\n<h3>4. \u00bfA qu\u00e9 destinatarios se comunicar\u00e1n sus datos?<\/h3>\n<p>No se ceder\u00e1n datos a terceros, salvo obligaci\u00f3n legal.<\/p>\n<h3>5. Transferencias de datos a terceros pa\u00edses<\/h3>\n<p>No est\u00e1n previstas transferencias de datos a terceros pa\u00edses.<\/p>\n<h3>6. \u00bfC\u00f3mo hemos obtenido sus datos?<\/h3>\n<p>Los datos personales que tratamos en SENSEM proceden del propio interesado o de su representante legal. Las categor\u00edas de datos que se tratan son:<\/p>\n<ul>\n<li>Datos identificativos.<\/li>\n<li>Direcciones postales y electr\u00f3nicas.<\/li>\n<li>Informaci\u00f3n comercial.<\/li>\n<\/ul>\n","protected":false},"excerpt":{"rendered":"<p>En MEDITERRANEA DE SOLUCIONES Y DESARROLLOS, S.L. (en adelante, SENSEM) nos preocupamos por la privacidad y la transparencia. En virtud de lo dispuesto en el Reglamento (UE) 2016\/679 del Parlamento Europeo y del Consejo, de 27 de abril de 2016, relativo a la protecci\u00f3n de las personas f\u00edsicas en lo que respecta al tratamiento de&hellip;<\/p>\n","protected":false},"author":4,"featured_media":0,"parent":0,"menu_order":1001,"comment_status":"closed","ping_status":"closed","template":"","meta":{"footnotes":""},"class_list":["post-17","page","type-page","status-publish","hentry","description-off"],"yoast_head":"<!-- This site is optimized with the Yoast SEO plugin v27.4 - https:\/\/yoast.com\/product\/yoast-seo-wordpress\/ -->\n<title>Pol\u00edtica de Privacidad - SENSEM | Puertas sin marcos<\/title>\n<meta name=\"robots\" content=\"index, follow, max-snippet:-1, max-image-preview:large, max-video-preview:-1\" \/>\n<link rel=\"canonical\" href=\"https:\/\/www.sensem.es\/es\/politica-de-privacidad\/\" \/>\n<meta property=\"og:locale\" content=\"es_ES\" \/>\n<meta property=\"og:type\" content=\"article\" \/>\n<meta property=\"og:title\" content=\"Pol\u00edtica de Privacidad - SENSEM | Puertas sin marcos\" \/>\n<meta property=\"og:description\" content=\"En MEDITERRANEA DE SOLUCIONES Y DESARROLLOS, S.L. (en adelante, SENSEM) nos preocupamos por la privacidad y la transparencia. En virtud de lo dispuesto en el Reglamento (UE) 2016\/679 del Parlamento Europeo y del Consejo, de 27 de abril de 2016, relativo a la protecci\u00f3n de las personas f\u00edsicas en lo que respecta al tratamiento de&hellip;\" \/>\n<meta property=\"og:url\" content=\"https:\/\/www.sensem.es\/es\/politica-de-privacidad\/\" \/>\n<meta property=\"og:site_name\" content=\"SENSEM | Puertas sin marcos\" \/>\n<meta property=\"article:publisher\" content=\"https:\/\/www.facebook.com\/sensempuertassinmarco\/\" \/>\n<meta property=\"article:modified_time\" content=\"2024-11-13T11:37:43+00:00\" \/>\n<meta property=\"og:image\" content=\"https:\/\/www.sensem.es\/wp-content\/uploads\/2024\/05\/sensem-optimiza-yoastt.jpg\" \/>\n\t<meta property=\"og:image:width\" content=\"1200\" \/>\n\t<meta property=\"og:image:height\" content=\"675\" \/>\n\t<meta property=\"og:image:type\" content=\"image\/jpeg\" \/>\n<meta name=\"twitter:card\" content=\"summary_large_image\" \/>\n<meta name=\"twitter:label1\" content=\"Tiempo de lectura\" \/>\n\t<meta name=\"twitter:data1\" content=\"5 minutos\" \/>\n<!-- \/ Yoast SEO plugin. -->","yoast_head_json":{"title":"Pol\u00edtica de Privacidad - SENSEM | Puertas sin marcos","robots":{"index":"index","follow":"follow","max-snippet":"max-snippet:-1","max-image-preview":"max-image-preview:large","max-video-preview":"max-video-preview:-1"},"canonical":"https:\/\/www.sensem.es\/es\/politica-de-privacidad\/","og_locale":"es_ES","og_type":"article","og_title":"Pol\u00edtica de Privacidad - SENSEM | Puertas sin marcos","og_description":"En MEDITERRANEA DE SOLUCIONES Y DESARROLLOS, S.L. (en adelante, SENSEM) nos preocupamos por la privacidad y la transparencia. En virtud de lo dispuesto en el Reglamento (UE) 2016\/679 del Parlamento Europeo y del Consejo, de 27 de abril de 2016, relativo a la protecci\u00f3n de las personas f\u00edsicas en lo que respecta al tratamiento de&hellip;","og_url":"https:\/\/www.sensem.es\/es\/politica-de-privacidad\/","og_site_name":"SENSEM | Puertas sin marcos","article_publisher":"https:\/\/www.facebook.com\/sensempuertassinmarco\/","article_modified_time":"2024-11-13T11:37:43+00:00","og_image":[{"width":1200,"height":675,"url":"https:\/\/www.sensem.es\/wp-content\/uploads\/2024\/05\/sensem-optimiza-yoastt.jpg","type":"image\/jpeg"}],"twitter_card":"summary_large_image","twitter_misc":{"Tiempo de lectura":"5 minutos"},"schema":{"@context":"https:\/\/schema.org","@graph":[{"@type":"WebPage","@id":"https:\/\/www.sensem.es\/es\/politica-de-privacidad\/","url":"https:\/\/www.sensem.es\/es\/politica-de-privacidad\/","name":"Pol\u00edtica de Privacidad - SENSEM | Puertas sin marcos","isPartOf":{"@id":"https:\/\/www.sensem.es\/es\/#website"},"datePublished":"2020-10-31T09:59:22+00:00","dateModified":"2024-11-13T11:37:43+00:00","breadcrumb":{"@id":"https:\/\/www.sensem.es\/es\/politica-de-privacidad\/#breadcrumb"},"inLanguage":"es","potentialAction":[{"@type":"ReadAction","target":["https:\/\/www.sensem.es\/es\/politica-de-privacidad\/"]}]},{"@type":"BreadcrumbList","@id":"https:\/\/www.sensem.es\/es\/politica-de-privacidad\/#breadcrumb","itemListElement":[{"@type":"ListItem","position":1,"name":"Portada","item":"https:\/\/www.sensem.es\/es\/"},{"@type":"ListItem","position":2,"name":"Pol\u00edtica de Privacidad"}]},{"@type":"WebSite","@id":"https:\/\/www.sensem.es\/es\/#website","url":"https:\/\/www.sensem.es\/es\/","name":"Sensem","description":"F\u00e1brica de puertas sin marcos","publisher":{"@id":"https:\/\/www.sensem.es\/es\/#organization"},"alternateName":"Sensem","potentialAction":[{"@type":"SearchAction","target":{"@type":"EntryPoint","urlTemplate":"https:\/\/www.sensem.es\/es\/?s={search_term_string}"},"query-input":{"@type":"PropertyValueSpecification","valueRequired":true,"valueName":"search_term_string"}}],"inLanguage":"es"},{"@type":"Organization","@id":"https:\/\/www.sensem.es\/es\/#organization","name":"Mediterr\u00e1nea de Soluciones y Desarrollos, SL","alternateName":"Sensem","url":"https:\/\/www.sensem.es\/es\/","logo":{"@type":"ImageObject","inLanguage":"es","@id":"https:\/\/www.sensem.es\/es\/#\/schema\/logo\/image\/","url":"https:\/\/www.sensem.es\/wp-content\/uploads\/2020\/11\/negro-466x160-1.png","contentUrl":"https:\/\/www.sensem.es\/wp-content\/uploads\/2020\/11\/negro-466x160-1.png","width":466,"height":160,"caption":"Mediterr\u00e1nea de Soluciones y Desarrollos, SL"},"image":{"@id":"https:\/\/www.sensem.es\/es\/#\/schema\/logo\/image\/"},"sameAs":["https:\/\/www.facebook.com\/sensempuertassinmarco\/","https:\/\/www.linkedin.com\/company\/sensem-puertas-sin-marco\/","https:\/\/www.instagram.com\/sensempuertassinmarco\/"]}]}},"_links":{"self":[{"href":"https:\/\/www.sensem.es\/es\/wp-json\/wp\/v2\/pages\/17","targetHints":{"allow":["GET"]}}],"collection":[{"href":"https:\/\/www.sensem.es\/es\/wp-json\/wp\/v2\/pages"}],"about":[{"href":"https:\/\/www.sensem.es\/es\/wp-json\/wp\/v2\/types\/page"}],"author":[{"embeddable":true,"href":"https:\/\/www.sensem.es\/es\/wp-json\/wp\/v2\/users\/4"}],"replies":[{"embeddable":true,"href":"https:\/\/www.sensem.es\/es\/wp-json\/wp\/v2\/comments?post=17"}],"version-history":[{"count":0,"href":"https:\/\/www.sensem.es\/es\/wp-json\/wp\/v2\/pages\/17\/revisions"}],"wp:attachment":[{"href":"https:\/\/www.sensem.es\/es\/wp-json\/wp\/v2\/media?parent=17"}],"curies":[{"name":"wp","href":"https:\/\/api.w.org\/{rel}","templated":true}]}}